{"id":45984,"date":"2026-09-03T00:01:11","date_gmt":"2026-09-02T22:01:11","guid":{"rendered":"https:\/\/sonnberger.co.at\/wp\/immobilien\/aufgelebt-renovierungsbeduerftige-wohnung-mit-suedterrasse-potenzial-in-christkindl\/"},"modified":"2026-09-03T09:42:11","modified_gmt":"2026-09-03T07:42:11","slug":"aufgelebt-renovierungsbeduerftige-wohnung-mit-suedterrasse-potenzial-in-christkindl","status":"publish","type":"property","link":"https:\/\/sonnberger.co.at\/wp\/immobilien\/aufgelebt-renovierungsbeduerftige-wohnung-mit-suedterrasse-potenzial-in-christkindl\/","title":{"rendered":"AUFGELEBT &#8211; renovierungsbed\u00fcrftige Wohnung mit S\u00fcdterrasse &amp; Potenzial in Christkindl"},"content":{"rendered":"<p>Diese renovierungsbed\u00fcrftige Eigentumswohnung in Steyr bietet die perfekte Basis f\u00fcr alle, die ihr zuk\u00fcnftiges Zuhause selbst gestalten m\u00f6chten. Auf rund 75,44 m\u00b2 verteilen sich zwei Schlafzimmer und eine Wohnk\u00fcche mit direktem Zugang zur gro\u00dfz\u00fcgigen S\u00fcdterrasse.<\/p>\n<p>Mit rund 14,51 m\u00b2 wird die Terrasse an sonnigen Tagen schnell zum zus\u00e4tzlichen Wohnraum. Gleichzeitig punktet die Lage mit der unmittelbaren N\u00e4he zur Unterhimmler Au und damit mit viel Natur fast vor der Haust\u00fcr.<\/p>\n<p>\u2022 ca. 75,44 m\u00b2 Wohnfl\u00e4che<br \/>\n\u2022 14,51 m\u00b2 S\u00fcdterrasse<br \/>\n\u2022 Wohnk\u00fcche + 2 Schlafzimmer<br \/>\n\u2022 Erdgeschoss &amp; Badezimmer mit Fenster<br \/>\n\u2022 renovierungsbed\u00fcrftig \u2013 ideal f\u00fcr Eigennutzer, Sanierer oder Anleger<\/p>\n<p>Die Wohnung ist leerstehend und sofort verf\u00fcgbar \u2013 beste Voraussetzungen, um direkt mit der Verwirklichung der eigenen Wohnideen zu beginnen.<br \/>\n<div class=\"widget widget_immonex_user_defined_properties_widget\"><div class=\"immonex-widget immonex-widget-houzez\">\n\t\t<div class=\"immonex-widget-title clearfix\">\n\t\t<h2 class=\"widgettitle\">Energieeffizienz<\/h2>\t<\/div>\n\t\t<ul class=\"immonex-property-details\">\n\t\t\t\t<li>\n\t\t\t\t\t\t<span class=\"property-details-label\">Energieausweis g\u00fcltig bis:<\/span> <span class=\"property-details-value\">15.11.2032<\/span>\n\t\t\t\t\t<\/li>\n\t\t\t\t<li>\n\t\t\t\t\t\t<span class=\"property-details-label\">Warmwasser im Energieverbrauch enthalten:<\/span> <span class=\"property-details-value\">ja<\/span>\n\t\t\t\t\t<\/li>\n\t\t\t\t<li>\n\t\t\t\t\t\t<span class=\"property-details-label\">HWB-Wert:<\/span> <span class=\"property-details-value\">179,50&nbsp;kWh\/(m\u00b2*a)<\/span>\n\t\t\t\t\t<\/li>\n\t\t\t\t<li>\n\t\t\t\t\t\t<span class=\"property-details-label\">HWB-Klasse:<\/span> <span class=\"property-details-value\">E<\/span>\n\t\t\t\t\t<\/li>\n\t\t\t\t<li>\n\t\t\t\t\t\t<span class=\"property-details-label\">fGEE-Wert:<\/span> <span class=\"property-details-value\">3,19<\/span>\n\t\t\t\t\t<\/li>\n\t\t\t\t<li>\n\t\t\t\t\t\t<span class=\"property-details-label\">fGEE-Klasse:<\/span> <span class=\"property-details-value\">E<\/span>\n\t\t\t\t\t<\/li>\n\t\t\t\t<li>\n\t\t\t\t\t\t<span class=\"property-details-label\">Prim\u00e4renergietr\u00e4ger:<\/span> <span class=\"property-details-value\">\u00d6l<\/span>\n\t\t\t\t\t<\/li>\n\t\t\t\t<li>\n\t\t\t\t\t\t<span class=\"property-details-label\">Baujahr (Energieausweis):<\/span> <span class=\"property-details-value\">1975<\/span>\n\t\t\t\t\t<\/li>\n\t\t\t\t<li>\n\t\t\t\t\t\t<span class=\"property-details-label\">Energieausweis-Jahrgang:<\/span> <span class=\"property-details-value\">ab Mai 2014<\/span>\n\t\t\t\t\t<\/li>\n\t\t\t\t<li>\n\t\t\t\t\t\t<span class=\"property-details-label\">Energieausweis-Geb\u00e4udeart:<\/span> <span class=\"property-details-value\">Wohngeb\u00e4ude<\/span>\n\t\t\t\t\t<\/li>\n\t\t\t<\/ul>\n<\/div><\/div>\n<div class=\"immonex-energy-scale section bandtacho residential display-standard\">\n\t\n\t<div class=\"final-energy\">\n\t\t\t\t<div class=\"arrow\">\n\t\t\t<div class=\"arrow-down\" style=\"left:46.592875%\"><\/div>\n\t\t<\/div>\n\n\t\t<div class=\"infotext right\" style=\"padding-left:-webkit-calc(46.592875% + 1.25em); padding-left:-moz-calc(46.592875% + 1.25em); padding-left:calc(46.592875% + 1.25em)\">\n\t\t\t<div class=\"infotext-inner-wrap\">\n\t\t\t\t<div>\n\t\t\t\t\t\t\t\t\t\t<strong>179,50 <span class=\"no_translate\">kWh\/(m&sup2;&middot;a)<\/span><\/strong>\n\t\t\t\t<\/div>\n\t\t\t<\/div>\n\t\t<\/div>\n\n\t\t\t\t<div class=\"rating gradient\">\n\t\t\t\t\t\t&nbsp;\n\t\t\t\t\t<\/div>\n\t<\/div>\n\n\t<div class=\"scale-values\">\n\t\t\t\t<div style=\"width:11.4%\">0<\/div>\n\t\t\t\t<div style=\"width:11.4%\">50<\/div>\n\t\t\t\t<div style=\"width:11.4%\">100<\/div>\n\t\t\t\t<div style=\"width:11.4%\">150<\/div>\n\t\t\t\t<div style=\"width:11.4%\">200<\/div>\n\t\t\t\t<div style=\"width:11.4%\">250<\/div>\n\t\t\t\t<div style=\"width:11.4%\">300<\/div>\n\t\t\t\t<div style=\"width:11.4%\">350<\/div>\n\t\t\t\t<div style=\"width:11.4%\">&ge;400<\/div>\n\t\t\t<\/div>\n\n\t<div class=\"primary-energy\">\n\t\t<div class=\"gradient\">&nbsp;<\/div>\n\t\t\t<\/div>\n\t<\/div>\n\n","protected":false},"excerpt":{"rendered":"<p>Diese renovierungsbed\u00fcrftige Eigentumswohnung in Steyr bietet die perfekte Basis f\u00fcr alle, die ihr zuk\u00fcnftiges&#8230;<\/p>\n","protected":false},"author":1,"featured_media":45985,"parent":0,"menu_order":0,"template":"","meta":{"ngg_post_thumbnail":0,"footnotes":""},"property_type":[118],"property_status":[13],"property_feature":[176,2332,2127],"property_label":[],"property_country":[2549],"property_state":[2354],"property_city":[2761],"property_area":[184],"class_list":["post-45984","property","type-property","status-publish","has-post-thumbnail","hentry","property_type-erdgeschosswohnung","property_status-zu-kaufen","property_feature-abstellraum","property_feature-seniorengerecht","property_feature-wg-geeignet","property_country-oesterreich","property_state-oberoesterreich","property_city-steyr-christkindl","property_area-steyr"],"aioseo_notices":[],"aioseo_head":"\n\t\t<!-- All in One SEO 5.0.0.1 - aioseo.com -->\n\t<meta name=\"description\" content=\"Diese renovierungsbed\u00fcrftige Eigentumswohnung in Steyr bietet die perfekte Basis f\u00fcr alle, die ihr zuk\u00fcnftiges...\" \/>\n\t<meta name=\"robots\" content=\"max-image-preview:large\" \/>\n\t<meta name=\"author\" content=\"Roman Sonnberger\"\/>\n\t<link rel=\"canonical\" href=\"https:\/\/sonnberger.co.at\/wp\/immobilien\/aufgelebt-renovierungsbeduerftige-wohnung-mit-suedterrasse-potenzial-in-christkindl\/\" \/>\n\t<meta name=\"generator\" content=\"All in One SEO (AIOSEO) 5.0.0.1\" \/>\n\t\t<meta property=\"og:locale\" content=\"de_DE\" \/>\n\t\t<meta property=\"og:site_name\" content=\"ITH Sonnberger GmbH - Ihr regionaler Immobilientreuh\u00e4nder!\" \/>\n\t\t<meta property=\"og:type\" content=\"article\" \/>\n\t\t<meta property=\"og:title\" content=\"AUFGELEBT \u2013 renovierungsbed\u00fcrftige Wohnung mit S\u00fcdterrasse &amp; Potenzial in Christkindl - ITH Sonnberger GmbH\" \/>\n\t\t<meta property=\"og:description\" content=\"Diese renovierungsbed\u00fcrftige Eigentumswohnung in Steyr bietet die perfekte Basis f\u00fcr alle, die ihr zuk\u00fcnftiges...\" \/>\n\t\t<meta property=\"og:url\" content=\"https:\/\/sonnberger.co.at\/wp\/immobilien\/aufgelebt-renovierungsbeduerftige-wohnung-mit-suedterrasse-potenzial-in-christkindl\/\" \/>\n\t\t<meta property=\"article:published_time\" content=\"2026-09-02T22:01:11+00:00\" \/>\n\t\t<meta property=\"article:modified_time\" content=\"2026-09-03T07:42:11+00:00\" \/>\n\t\t<meta name=\"twitter:card\" content=\"summary_large_image\" \/>\n\t\t<meta name=\"twitter:title\" content=\"AUFGELEBT \u2013 renovierungsbed\u00fcrftige Wohnung mit S\u00fcdterrasse &amp; Potenzial in Christkindl - ITH Sonnberger GmbH\" \/>\n\t\t<meta name=\"twitter:description\" content=\"Diese renovierungsbed\u00fcrftige Eigentumswohnung in Steyr bietet die perfekte Basis f\u00fcr alle, die ihr zuk\u00fcnftiges...\" \/>\n\t\t<script type=\"application\/ld+json\" class=\"aioseo-schema\">\n\t\t\t{\"@context\":\"https:\\\/\\\/schema.org\",\"@graph\":[{\"@type\":\"BreadcrumbList\",\"@id\":\"https:\\\/\\\/sonnberger.co.at\\\/wp\\\/immobilien\\\/aufgelebt-renovierungsbeduerftige-wohnung-mit-suedterrasse-potenzial-in-christkindl\\\/#breadcrumblist\",\"itemListElement\":[{\"@type\":\"ListItem\",\"@id\":\"https:\\\/\\\/sonnberger.co.at\\\/wp#listItem\",\"position\":1,\"name\":\"Home\",\"item\":\"https:\\\/\\\/sonnberger.co.at\\\/wp\",\"nextItem\":{\"@type\":\"ListItem\",\"@id\":\"https:\\\/\\\/sonnberger.co.at\\\/wp\\\/immobilien\\\/#listItem\",\"name\":\"Immobilien\"}},{\"@type\":\"ListItem\",\"@id\":\"https:\\\/\\\/sonnberger.co.at\\\/wp\\\/immobilien\\\/#listItem\",\"position\":2,\"name\":\"Immobilien\",\"item\":\"https:\\\/\\\/sonnberger.co.at\\\/wp\\\/immobilien\\\/\",\"nextItem\":{\"@type\":\"ListItem\",\"@id\":\"https:\\\/\\\/sonnberger.co.at\\\/wp\\\/immobilienart\\\/wohnungen\\\/#listItem\",\"name\":\"Wohnungen\"},\"previousItem\":{\"@type\":\"ListItem\",\"@id\":\"https:\\\/\\\/sonnberger.co.at\\\/wp#listItem\",\"name\":\"Home\"}},{\"@type\":\"ListItem\",\"@id\":\"https:\\\/\\\/sonnberger.co.at\\\/wp\\\/immobilienart\\\/wohnungen\\\/#listItem\",\"position\":3,\"name\":\"Wohnungen\",\"item\":\"https:\\\/\\\/sonnberger.co.at\\\/wp\\\/immobilienart\\\/wohnungen\\\/\",\"nextItem\":{\"@type\":\"ListItem\",\"@id\":\"https:\\\/\\\/sonnberger.co.at\\\/wp\\\/immobilienart\\\/erdgeschosswohnung\\\/#listItem\",\"name\":\"Erdgeschosswohnung\"},\"previousItem\":{\"@type\":\"ListItem\",\"@id\":\"https:\\\/\\\/sonnberger.co.at\\\/wp\\\/immobilien\\\/#listItem\",\"name\":\"Immobilien\"}},{\"@type\":\"ListItem\",\"@id\":\"https:\\\/\\\/sonnberger.co.at\\\/wp\\\/immobilienart\\\/erdgeschosswohnung\\\/#listItem\",\"position\":4,\"name\":\"Erdgeschosswohnung\",\"item\":\"https:\\\/\\\/sonnberger.co.at\\\/wp\\\/immobilienart\\\/erdgeschosswohnung\\\/\",\"nextItem\":{\"@type\":\"ListItem\",\"@id\":\"https:\\\/\\\/sonnberger.co.at\\\/wp\\\/immobilien\\\/aufgelebt-renovierungsbeduerftige-wohnung-mit-suedterrasse-potenzial-in-christkindl\\\/#listItem\",\"name\":\"AUFGELEBT &#8211; renovierungsbed\\u00fcrftige Wohnung mit S\\u00fcdterrasse &amp; Potenzial in Christkindl\"},\"previousItem\":{\"@type\":\"ListItem\",\"@id\":\"https:\\\/\\\/sonnberger.co.at\\\/wp\\\/immobilienart\\\/wohnungen\\\/#listItem\",\"name\":\"Wohnungen\"}},{\"@type\":\"ListItem\",\"@id\":\"https:\\\/\\\/sonnberger.co.at\\\/wp\\\/immobilien\\\/aufgelebt-renovierungsbeduerftige-wohnung-mit-suedterrasse-potenzial-in-christkindl\\\/#listItem\",\"position\":5,\"name\":\"AUFGELEBT &#8211; renovierungsbed\\u00fcrftige Wohnung mit S\\u00fcdterrasse &amp; Potenzial in Christkindl\",\"previousItem\":{\"@type\":\"ListItem\",\"@id\":\"https:\\\/\\\/sonnberger.co.at\\\/wp\\\/immobilienart\\\/erdgeschosswohnung\\\/#listItem\",\"name\":\"Erdgeschosswohnung\"}}]},{\"@type\":\"Organization\",\"@id\":\"https:\\\/\\\/sonnberger.co.at\\\/wp\\\/#organization\",\"name\":\"ITH Sonnberger GmbH\",\"description\":\"Ihr regionaler Immobilientreuh\\u00e4nder!\",\"url\":\"https:\\\/\\\/sonnberger.co.at\\\/wp\\\/\"},{\"@type\":\"Person\",\"@id\":\"https:\\\/\\\/sonnberger.co.at\\\/wp\\\/author\\\/r0manson\\\/#author\",\"url\":\"https:\\\/\\\/sonnberger.co.at\\\/wp\\\/author\\\/r0manson\\\/\",\"name\":\"Roman Sonnberger\",\"image\":{\"@type\":\"ImageObject\",\"@id\":\"https:\\\/\\\/sonnberger.co.at\\\/wp\\\/immobilien\\\/aufgelebt-renovierungsbeduerftige-wohnung-mit-suedterrasse-potenzial-in-christkindl\\\/#authorImage\",\"url\":\"https:\\\/\\\/secure.gravatar.com\\\/avatar\\\/a6719abbd5b3fda574b8921efc33e7cf5c893e36ea33715505a2023ef18eef51?s=96&d=mm&r=g\",\"width\":96,\"height\":96,\"caption\":\"Roman Sonnberger\"}},{\"@type\":\"WebPage\",\"@id\":\"https:\\\/\\\/sonnberger.co.at\\\/wp\\\/immobilien\\\/aufgelebt-renovierungsbeduerftige-wohnung-mit-suedterrasse-potenzial-in-christkindl\\\/#webpage\",\"url\":\"https:\\\/\\\/sonnberger.co.at\\\/wp\\\/immobilien\\\/aufgelebt-renovierungsbeduerftige-wohnung-mit-suedterrasse-potenzial-in-christkindl\\\/\",\"name\":\"AUFGELEBT \\u2013 renovierungsbed\\u00fcrftige Wohnung mit S\\u00fcdterrasse & Potenzial in Christkindl - ITH Sonnberger GmbH\",\"description\":\"Diese renovierungsbed\\u00fcrftige Eigentumswohnung in Steyr bietet die perfekte Basis f\\u00fcr alle, die ihr zuk\\u00fcnftiges...\",\"inLanguage\":\"de-DE\",\"isPartOf\":{\"@id\":\"https:\\\/\\\/sonnberger.co.at\\\/wp\\\/#website\"},\"breadcrumb\":{\"@id\":\"https:\\\/\\\/sonnberger.co.at\\\/wp\\\/immobilien\\\/aufgelebt-renovierungsbeduerftige-wohnung-mit-suedterrasse-potenzial-in-christkindl\\\/#breadcrumblist\"},\"author\":{\"@id\":\"https:\\\/\\\/sonnberger.co.at\\\/wp\\\/author\\\/r0manson\\\/#author\"},\"creator\":{\"@id\":\"https:\\\/\\\/sonnberger.co.at\\\/wp\\\/author\\\/r0manson\\\/#author\"},\"image\":{\"@type\":\"ImageObject\",\"url\":\"https:\\\/\\\/sonnberger.co.at\\\/wp\\\/wp-content\\\/uploads\\\/2026\\\/09\\\/8b6f3782-2c69-48c9-b69e-62c5eaa4419e.jpg\",\"@id\":\"https:\\\/\\\/sonnberger.co.at\\\/wp\\\/immobilien\\\/aufgelebt-renovierungsbeduerftige-wohnung-mit-suedterrasse-potenzial-in-christkindl\\\/#mainImage\",\"width\":1200,\"height\":900,\"caption\":\"Titelbild\"},\"primaryImageOfPage\":{\"@id\":\"https:\\\/\\\/sonnberger.co.at\\\/wp\\\/immobilien\\\/aufgelebt-renovierungsbeduerftige-wohnung-mit-suedterrasse-potenzial-in-christkindl\\\/#mainImage\"},\"datePublished\":\"2026-09-03T00:01:11+02:00\",\"dateModified\":\"2026-09-03T09:42:11+02:00\"},{\"@type\":\"WebSite\",\"@id\":\"https:\\\/\\\/sonnberger.co.at\\\/wp\\\/#website\",\"url\":\"https:\\\/\\\/sonnberger.co.at\\\/wp\\\/\",\"name\":\"ITH Sonnberger GmbH\",\"description\":\"Ihr regionaler Immobilientreuh\\u00e4nder!\",\"inLanguage\":\"de-DE\",\"publisher\":{\"@id\":\"https:\\\/\\\/sonnberger.co.at\\\/wp\\\/#organization\"}}]}\n\t\t<\/script>\n\t\t<!-- All in One SEO -->\n\n","aioseo_head_json":{"title":"AUFGELEBT \u2013 renovierungsbed\u00fcrftige Wohnung mit S\u00fcdterrasse & Potenzial in Christkindl - ITH Sonnberger GmbH","description":"Diese renovierungsbed\u00fcrftige Eigentumswohnung in Steyr bietet die perfekte Basis f\u00fcr alle, die ihr zuk\u00fcnftiges...","canonical_url":"https:\/\/sonnberger.co.at\/wp\/immobilien\/aufgelebt-renovierungsbeduerftige-wohnung-mit-suedterrasse-potenzial-in-christkindl\/","robots":"max-image-preview:large","keywords":"","webmasterTools":{"miscellaneous":""},"schema":{"@context":"https:\/\/schema.org","@graph":[{"@type":"BreadcrumbList","@id":"https:\/\/sonnberger.co.at\/wp\/immobilien\/aufgelebt-renovierungsbeduerftige-wohnung-mit-suedterrasse-potenzial-in-christkindl\/#breadcrumblist","itemListElement":[{"@type":"ListItem","@id":"https:\/\/sonnberger.co.at\/wp#listItem","position":1,"name":"Home","item":"https:\/\/sonnberger.co.at\/wp","nextItem":{"@type":"ListItem","@id":"https:\/\/sonnberger.co.at\/wp\/immobilien\/#listItem","name":"Immobilien"}},{"@type":"ListItem","@id":"https:\/\/sonnberger.co.at\/wp\/immobilien\/#listItem","position":2,"name":"Immobilien","item":"https:\/\/sonnberger.co.at\/wp\/immobilien\/","nextItem":{"@type":"ListItem","@id":"https:\/\/sonnberger.co.at\/wp\/immobilienart\/wohnungen\/#listItem","name":"Wohnungen"},"previousItem":{"@type":"ListItem","@id":"https:\/\/sonnberger.co.at\/wp#listItem","name":"Home"}},{"@type":"ListItem","@id":"https:\/\/sonnberger.co.at\/wp\/immobilienart\/wohnungen\/#listItem","position":3,"name":"Wohnungen","item":"https:\/\/sonnberger.co.at\/wp\/immobilienart\/wohnungen\/","nextItem":{"@type":"ListItem","@id":"https:\/\/sonnberger.co.at\/wp\/immobilienart\/erdgeschosswohnung\/#listItem","name":"Erdgeschosswohnung"},"previousItem":{"@type":"ListItem","@id":"https:\/\/sonnberger.co.at\/wp\/immobilien\/#listItem","name":"Immobilien"}},{"@type":"ListItem","@id":"https:\/\/sonnberger.co.at\/wp\/immobilienart\/erdgeschosswohnung\/#listItem","position":4,"name":"Erdgeschosswohnung","item":"https:\/\/sonnberger.co.at\/wp\/immobilienart\/erdgeschosswohnung\/","nextItem":{"@type":"ListItem","@id":"https:\/\/sonnberger.co.at\/wp\/immobilien\/aufgelebt-renovierungsbeduerftige-wohnung-mit-suedterrasse-potenzial-in-christkindl\/#listItem","name":"AUFGELEBT &#8211; renovierungsbed\u00fcrftige Wohnung mit S\u00fcdterrasse &amp; Potenzial in Christkindl"},"previousItem":{"@type":"ListItem","@id":"https:\/\/sonnberger.co.at\/wp\/immobilienart\/wohnungen\/#listItem","name":"Wohnungen"}},{"@type":"ListItem","@id":"https:\/\/sonnberger.co.at\/wp\/immobilien\/aufgelebt-renovierungsbeduerftige-wohnung-mit-suedterrasse-potenzial-in-christkindl\/#listItem","position":5,"name":"AUFGELEBT &#8211; renovierungsbed\u00fcrftige Wohnung mit S\u00fcdterrasse &amp; Potenzial in Christkindl","previousItem":{"@type":"ListItem","@id":"https:\/\/sonnberger.co.at\/wp\/immobilienart\/erdgeschosswohnung\/#listItem","name":"Erdgeschosswohnung"}}]},{"@type":"Organization","@id":"https:\/\/sonnberger.co.at\/wp\/#organization","name":"ITH Sonnberger GmbH","description":"Ihr regionaler Immobilientreuh\u00e4nder!","url":"https:\/\/sonnberger.co.at\/wp\/"},{"@type":"Person","@id":"https:\/\/sonnberger.co.at\/wp\/author\/r0manson\/#author","url":"https:\/\/sonnberger.co.at\/wp\/author\/r0manson\/","name":"Roman Sonnberger","image":{"@type":"ImageObject","@id":"https:\/\/sonnberger.co.at\/wp\/immobilien\/aufgelebt-renovierungsbeduerftige-wohnung-mit-suedterrasse-potenzial-in-christkindl\/#authorImage","url":"https:\/\/secure.gravatar.com\/avatar\/a6719abbd5b3fda574b8921efc33e7cf5c893e36ea33715505a2023ef18eef51?s=96&d=mm&r=g","width":96,"height":96,"caption":"Roman Sonnberger"}},{"@type":"WebPage","@id":"https:\/\/sonnberger.co.at\/wp\/immobilien\/aufgelebt-renovierungsbeduerftige-wohnung-mit-suedterrasse-potenzial-in-christkindl\/#webpage","url":"https:\/\/sonnberger.co.at\/wp\/immobilien\/aufgelebt-renovierungsbeduerftige-wohnung-mit-suedterrasse-potenzial-in-christkindl\/","name":"AUFGELEBT \u2013 renovierungsbed\u00fcrftige Wohnung mit S\u00fcdterrasse & Potenzial in Christkindl - ITH Sonnberger GmbH","description":"Diese renovierungsbed\u00fcrftige Eigentumswohnung in Steyr bietet die perfekte Basis f\u00fcr alle, die ihr zuk\u00fcnftiges...","inLanguage":"de-DE","isPartOf":{"@id":"https:\/\/sonnberger.co.at\/wp\/#website"},"breadcrumb":{"@id":"https:\/\/sonnberger.co.at\/wp\/immobilien\/aufgelebt-renovierungsbeduerftige-wohnung-mit-suedterrasse-potenzial-in-christkindl\/#breadcrumblist"},"author":{"@id":"https:\/\/sonnberger.co.at\/wp\/author\/r0manson\/#author"},"creator":{"@id":"https:\/\/sonnberger.co.at\/wp\/author\/r0manson\/#author"},"image":{"@type":"ImageObject","url":"https:\/\/sonnberger.co.at\/wp\/wp-content\/uploads\/2026\/09\/8b6f3782-2c69-48c9-b69e-62c5eaa4419e.jpg","@id":"https:\/\/sonnberger.co.at\/wp\/immobilien\/aufgelebt-renovierungsbeduerftige-wohnung-mit-suedterrasse-potenzial-in-christkindl\/#mainImage","width":1200,"height":900,"caption":"Titelbild"},"primaryImageOfPage":{"@id":"https:\/\/sonnberger.co.at\/wp\/immobilien\/aufgelebt-renovierungsbeduerftige-wohnung-mit-suedterrasse-potenzial-in-christkindl\/#mainImage"},"datePublished":"2026-09-03T00:01:11+02:00","dateModified":"2026-09-03T09:42:11+02:00"},{"@type":"WebSite","@id":"https:\/\/sonnberger.co.at\/wp\/#website","url":"https:\/\/sonnberger.co.at\/wp\/","name":"ITH Sonnberger GmbH","description":"Ihr regionaler Immobilientreuh\u00e4nder!","inLanguage":"de-DE","publisher":{"@id":"https:\/\/sonnberger.co.at\/wp\/#organization"}}]},"og:locale":"de_DE","og:site_name":"ITH Sonnberger GmbH - Ihr regionaler Immobilientreuh\u00e4nder!","og:type":"article","og:title":"AUFGELEBT \u2013 renovierungsbed\u00fcrftige Wohnung mit S\u00fcdterrasse &amp; Potenzial in Christkindl - ITH Sonnberger GmbH","og:description":"Diese renovierungsbed\u00fcrftige Eigentumswohnung in Steyr bietet die perfekte Basis f\u00fcr alle, die ihr zuk\u00fcnftiges...","og:url":"https:\/\/sonnberger.co.at\/wp\/immobilien\/aufgelebt-renovierungsbeduerftige-wohnung-mit-suedterrasse-potenzial-in-christkindl\/","article:published_time":"2026-09-02T22:01:11+00:00","article:modified_time":"2026-09-03T07:42:11+00:00","twitter:card":"summary_large_image","twitter:title":"AUFGELEBT \u2013 renovierungsbed\u00fcrftige Wohnung mit S\u00fcdterrasse &amp; Potenzial in Christkindl - ITH Sonnberger GmbH","twitter:description":"Diese renovierungsbed\u00fcrftige Eigentumswohnung in Steyr bietet die perfekte Basis f\u00fcr alle, die ihr zuk\u00fcnftiges..."},"aioseo_meta_data":{"post_id":"45984","title":null,"description":null,"keywords":null,"keyphrases":null,"primary_term":null,"canonical_url":null,"og_title":null,"og_description":null,"og_object_type":"default","og_image_type":"default","og_image_url":null,"og_image_width":null,"og_image_height":null,"og_image_custom_url":null,"og_image_custom_fields":null,"og_video":null,"og_custom_url":null,"og_article_section":null,"og_article_tags":null,"twitter_use_og":false,"twitter_card":"default","twitter_image_type":"default","twitter_image_url":null,"twitter_image_custom_url":null,"twitter_image_custom_fields":null,"twitter_title":null,"twitter_description":null,"schema":{"blockGraphs":[],"customGraphs":[],"default":{"data":{"Article":[],"Course":[],"Dataset":[],"FAQPage":[],"Movie":[],"Person":[],"Product":[],"ProductReview":[],"Car":[],"Recipe":[],"Service":[],"SoftwareApplication":[],"WebPage":[]},"graphName":"","isEnabled":true},"graphs":[]},"schema_type":"default","schema_type_options":null,"pillar_content":false,"robots_default":true,"robots_noindex":false,"robots_noarchive":false,"robots_nosnippet":false,"robots_nofollow":false,"robots_noimageindex":false,"robots_noodp":false,"robots_notranslate":false,"robots_max_snippet":null,"robots_max_videopreview":null,"robots_max_imagepreview":"large","priority":null,"frequency":null,"local_seo":null,"limit_modified_date":false,"created":"2026-09-03 08:38:06","updated":"2026-09-03 08:38:06","focus_keyword":null,"additional_keywords":null,"truseo_locale":null,"ai":null,"breadcrumb_settings":null,"seo_analyzer_scan_date":null},"aioseo_breadcrumb":"<div class=\"aioseo-breadcrumbs\"><span class=\"aioseo-breadcrumb\">\n\t\t\t<a href=\"https:\/\/sonnberger.co.at\/wp\" title=\"Home\">Home<\/a>\n\t\t<\/span><span class=\"aioseo-breadcrumb-separator\">&raquo;<\/span><span class=\"aioseo-breadcrumb\">\n\t\t\t<a href=\"https:\/\/sonnberger.co.at\/wp\/immobilien\/\" title=\"Immobilien\">Immobilien<\/a>\n\t\t<\/span><span class=\"aioseo-breadcrumb-separator\">&raquo;<\/span><span class=\"aioseo-breadcrumb\">\n\t\t\t<a href=\"https:\/\/sonnberger.co.at\/wp\/immobilienart\/wohnungen\/\" title=\"Wohnungen\">Wohnungen<\/a>\n\t\t<\/span><span class=\"aioseo-breadcrumb-separator\">&raquo;<\/span><span class=\"aioseo-breadcrumb\">\n\t\t\t<a href=\"https:\/\/sonnberger.co.at\/wp\/immobilienart\/erdgeschosswohnung\/\" title=\"Erdgeschosswohnung\">Erdgeschosswohnung<\/a>\n\t\t<\/span><span class=\"aioseo-breadcrumb-separator\">&raquo;<\/span><span class=\"aioseo-breadcrumb\">\n\t\t\tAUFGELEBT \u2013 renovierungsbed\u00fcrftige Wohnung mit S\u00fcdterrasse &amp; Potenzial in Christkindl\n\t\t<\/span><\/div>","aioseo_breadcrumb_json":[{"label":"Home","link":"https:\/\/sonnberger.co.at\/wp"},{"label":"Immobilien","link":"https:\/\/sonnberger.co.at\/wp\/immobilien\/"},{"label":"Wohnungen","link":"https:\/\/sonnberger.co.at\/wp\/immobilienart\/wohnungen\/"},{"label":"Erdgeschosswohnung","link":"https:\/\/sonnberger.co.at\/wp\/immobilienart\/erdgeschosswohnung\/"},{"label":"AUFGELEBT &#8211; renovierungsbed\u00fcrftige Wohnung mit S\u00fcdterrasse &amp; Potenzial in Christkindl","link":"https:\/\/sonnberger.co.at\/wp\/immobilien\/aufgelebt-renovierungsbeduerftige-wohnung-mit-suedterrasse-potenzial-in-christkindl\/"}],"property_meta":{"_immonex_import_folder":["global"],"_immonex_translation_id":["RSI-26-7175"],"_openimmo_obid":["19167_14493_RSI-26-7175"],"_is_immonex_import_property":["1"],"_immonex_is_reference":[""],"_thumbnail_id":["45985"],"fave_property_map_address":["4400 Steyr\/Christkindl"],"fave_property_zip":["4400"],"fave_property_country":["AT"],"houzez_geolocation_lat":["48.0508889"],"houzez_geolocation_long":["14.4205581"],"fave_property_location":["48.0508889,14.4205581"],"fave_property_price":["85000"],"fave_property_size":["75"],"fave_property_rooms":["3"],"fave_property_bedrooms":["2"],"fave_property_bathrooms":["1"],"fave_property_year":["1971"],"fave_property_id":["RSI-26-7175"],"_immonex_iso_country":["AUT"],"_immonex_group_number":[""],"_immonex_group_id":[""],"_immonex_group_master":[""],"_immonex_import_meta":["a:6:{s:8:\"zip_file\";s:116:\"\/www\/htdocs\/w01766d3\/sonnberger.co.at\/wp\/wp-content\/uploads\/immonex-openimmo-import\/19167_IMMONET_20260903094134.zip\";s:8:\"xml_file\";s:145:\"\/www\/htdocs\/w01766d3\/sonnberger.co.at\/wp\/wp-content\/uploads\/immonex-openimmo-import\/19167_immonet_20260903094134\/19167_IMMONET_20260903094134.xml\";s:12:\"mapping_file\";s:103:\"\/www\/htdocs\/w01766d3\/sonnberger.co.at\/wp\/wp-content\/uploads\/immonex-openimmo-import\/mappings\/houzez.csv\";s:9:\"timestamp\";i:1788421331;s:4:\"date\";s:10:\"2026-09-03\";s:4:\"time\";s:8:\"09:42:11\";}"],"_immonex_is_sold":[""],"_immonex_is_reserved":[""],"_immonex_is_available":["1"],"additional_features":["a:14:{i:0;a:2:{s:29:\"fave_additional_feature_title\";s:5:\"Etage\";s:29:\"fave_additional_feature_value\";s:1:\"0\";}i:1;a:2:{s:29:\"fave_additional_feature_title\";s:18:\"monatl. Heizkosten\";s:29:\"fave_additional_feature_value\";s:15:\"170,68&nbsp;\u20ac\";}i:2;a:2:{s:29:\"fave_additional_feature_title\";s:16:\"K\u00e4uferprovision\";s:29:\"fave_additional_feature_value\";s:16:\"3% zzgl 20% USt.\";}i:3;a:2:{s:29:\"fave_additional_feature_title\";s:11:\"Wohnfl\u00e4che\";s:29:\"fave_additional_feature_value\";s:14:\"75,44&nbsp;m\u00b2\";}i:4;a:2:{s:29:\"fave_additional_feature_title\";s:9:\"Terrassen\";s:29:\"fave_additional_feature_value\";s:1:\"1\";}i:5;a:2:{s:29:\"fave_additional_feature_title\";s:24:\"Balkon-\/Terrassenfl\u00e4che\";s:29:\"fave_additional_feature_value\";s:14:\"14,51&nbsp;m\u00b2\";}i:6;a:2:{s:29:\"fave_additional_feature_title\";s:19:\"Art der Ausstattung\";s:29:\"fave_additional_feature_value\";s:8:\"Standard\";}i:7;a:2:{s:29:\"fave_additional_feature_title\";s:10:\"Befeuerung\";s:29:\"fave_additional_feature_value\";s:3:\"\u00d6l\";}i:8;a:2:{s:29:\"fave_additional_feature_title\";s:10:\"Bodenbelag\";s:29:\"fave_additional_feature_value\";s:16:\"Fliesen, Laminat\";}i:9;a:2:{s:29:\"fave_additional_feature_title\";s:14:\"Badausstattung\";s:29:\"fave_additional_feature_value\";s:32:\"Badewanne, Fenster im Badezimmer\";}i:10;a:2:{s:29:\"fave_additional_feature_title\";s:13:\"Stellplatzart\";s:29:\"fave_additional_feature_value\";s:9:\"Freiplatz\";}i:11;a:2:{s:29:\"fave_additional_feature_title\";s:7:\"Zustand\";s:29:\"fave_additional_feature_value\";s:22:\"renovierungsbed\u00fcrftig\";}i:12;a:2:{s:29:\"fave_additional_feature_title\";s:21:\"Letzte Modernisierung\";s:29:\"fave_additional_feature_value\";s:10:\"Heizsystem\";}i:13;a:2:{s:29:\"fave_additional_feature_title\";s:27:\"Immobilie ist verf\u00fcgbar ab\";s:29:\"fave_additional_feature_value\";s:6:\"sofort\";}}"],"fave_additional_features_enable":["enable"],"_immonex_custom_fields":["a:10:{s:26:\"Energieausweis g\u00fcltig bis\";a:5:{s:14:\"mapping_source\";s:41:\"zustand_angaben->energiepass->gueltig_bis\";s:4:\"name\";s:0:\"\";s:5:\"group\";s:5:\"epass\";s:5:\"value\";s:10:\"15.11.2032\";s:19:\"value_before_filter\";s:10:\"2032-11-15\";}s:40:\"Warmwasser im Energieverbrauch enthalten\";a:5:{s:14:\"mapping_source\";s:43:\"zustand_angaben->energiepass->mitwarmwasser\";s:4:\"name\";s:0:\"\";s:5:\"group\";s:5:\"epass\";s:5:\"value\";s:3:\"Yes\";s:19:\"value_before_filter\";s:1:\"1\";}s:8:\"HWB-Wert\";a:5:{s:14:\"mapping_source\";s:37:\"zustand_angaben->energiepass->hwbwert\";s:4:\"name\";s:0:\"\";s:5:\"group\";s:5:\"epass\";s:5:\"value\";s:23:\"179,50&nbsp;kWh\/(m\u00b2*a)\";s:19:\"value_before_filter\";s:6:\"179.50\";}s:10:\"HWB-Klasse\";a:5:{s:14:\"mapping_source\";s:39:\"zustand_angaben->energiepass->hwbklasse\";s:4:\"name\";s:0:\"\";s:5:\"group\";s:5:\"epass\";s:5:\"value\";s:1:\"E\";s:19:\"value_before_filter\";s:1:\"E\";}s:9:\"fGEE-Wert\";a:5:{s:14:\"mapping_source\";s:38:\"zustand_angaben->energiepass->fgeewert\";s:4:\"name\";s:0:\"\";s:5:\"group\";s:5:\"epass\";s:5:\"value\";s:4:\"3,19\";s:19:\"value_before_filter\";s:4:\"3.19\";}s:11:\"fGEE-Klasse\";a:5:{s:14:\"mapping_source\";s:40:\"zustand_angaben->energiepass->fgeeklasse\";s:4:\"name\";s:0:\"\";s:5:\"group\";s:5:\"epass\";s:5:\"value\";s:1:\"E\";s:19:\"value_before_filter\";s:1:\"E\";}s:21:\"Prim\u00e4renergietr\u00e4ger\";a:5:{s:14:\"mapping_source\";s:51:\"zustand_angaben->energiepass->primaerenergietraeger\";s:4:\"name\";s:0:\"\";s:5:\"group\";s:5:\"epass\";s:5:\"value\";s:3:\"Oil\";s:19:\"value_before_filter\";s:3:\"OEL\";}s:24:\"Baujahr (Energieausweis)\";a:5:{s:14:\"mapping_source\";s:37:\"zustand_angaben->energiepass->baujahr\";s:4:\"name\";s:0:\"\";s:5:\"group\";s:5:\"epass\";s:5:\"value\";s:4:\"1975\";s:19:\"value_before_filter\";s:4:\"1975\";}s:23:\"Energieausweis-Jahrgang\";a:5:{s:14:\"mapping_source\";s:38:\"zustand_angaben->energiepass->jahrgang\";s:4:\"name\";s:0:\"\";s:5:\"group\";s:5:\"epass\";s:5:\"value\";s:16:\"as from may 2014\";s:19:\"value_before_filter\";s:4:\"2014\";}s:26:\"Energieausweis-Geb\u00e4udeart\";a:5:{s:14:\"mapping_source\";s:41:\"zustand_angaben->energiepass->gebaeudeart\";s:4:\"name\";s:0:\"\";s:5:\"group\";s:5:\"epass\";s:5:\"value\";s:20:\"Residential Building\";s:19:\"value_before_filter\";s:4:\"wohn\";}}"],"_immonex_property_xml_source":["<?xml version=\"1.0\"?>\n<immobilie>\n<objektkategorie>\n<nutzungsart WOHNEN=\"1\" GEWERBE=\"0\"\/>\n<vermarktungsart KAUF=\"1\" MIETE_PACHT=\"0\"\/>\n<objektart>\n<wohnung wohnungtyp=\"ERDGESCHOSS\"\/><\/objektart>\n<\/objektkategorie>\n<geo>\n<plz>4400<\/plz>\n<ort>Steyr\/Christkindl<\/ort>\n<geokoordinaten breitengrad=\"48.03879\" laengengrad=\"14.39194\"\/>\n<strasse>Unterhimmler Stra&#xDF;e<\/strasse>\n<hausnummer>7<\/hausnummer>\n<bundesland>Ober&#xF6;sterreich<\/bundesland>\n<land iso_land=\"AUT\"\/>\n<etage>0<\/etage>\n<regionaler_zusatz>Steyr<\/regionaler_zusatz>\n<\/geo>\n<kontaktperson>\n<email_zentrale>office@sonnberger.co.at<\/email_zentrale>\n<email_direkt>anfragen@sonnberger.at<\/email_direkt>\n<tel_zentrale>0043501211<\/tel_zentrale>\n<tel_durchw>0043501211<\/tel_durchw>\n<name\/>\n<anrede_brief>Sehr geehrte Damen und Herren,<\/anrede_brief>\n<firma>ITH Sonnberger GmbH<\/firma>\n<strasse>D&#xF6;rfling<\/strasse>\n<hausnummer>2<\/hausnummer>\n<plz>4484<\/plz>\n<ort>Kronstorf<\/ort>\n<land iso_land=\"AUT\"\/>\n<url>www.sonnberger.co.at<\/url>\n<personennummer>1158<\/personennummer>\n<foto location=\"EXTERN\">\n<format>jpg<\/format>\n<daten>\n<pfad>pf1158.jpg<\/pfad>\n<\/daten>\n<\/foto>\n<\/kontaktperson>\n<preise>\n<kaufpreis auf_anfrage=\"0\">85000.00<\/kaufpreis>\n<heizkosten>170.68<\/heizkosten>\n<heizkostennetto heizkostenust=\"0\">170.68<\/heizkostennetto>\n<aussen_courtage mit_mwst=\"1\">3% zzgl 20% USt.<\/aussen_courtage>\n<waehrung iso_waehrung=\"EUR\"\/><\/preise>\n<bieterverfahren\/>\n<versteigerung\/>\n<flaechen>\n<wohnflaeche>75.44<\/wohnflaeche>\n<anzahl_zimmer>3.00<\/anzahl_zimmer>\n<anzahl_schlafzimmer>2.00<\/anzahl_schlafzimmer>\n<anzahl_badezimmer>1.00<\/anzahl_badezimmer>\n<anzahl_terrassen>1.00<\/anzahl_terrassen>\n<balkon_terrasse_flaeche>14.51<\/balkon_terrasse_flaeche>\n<\/flaechen>\n<ausstattung>\n<ausstatt_kategorie>STANDARD<\/ausstatt_kategorie>\n<wg_geeignet>1<\/wg_geeignet>\n<bad WANNE=\"1\" FENSTER=\"1\"\/>\n<boden FLIESEN=\"1\" LAMINAT=\"1\"\/>\n<befeuerung OEL=\"1\"\/>\n<stellplatzart FREIPLATZ=\"1\"\/>\n<abstellraum>1<\/abstellraum>\n<seniorengerecht>1<\/seniorengerecht>\n<\/ausstattung>\n<zustand_angaben>\n<baujahr>1971<\/baujahr>\n<letztemodernisierung>Heizsystem<\/letztemodernisierung>\n<zustand zustand_art=\"TEIL_VOLLRENOVIERUNGSBED\"\/>\n<energiepass>\n<gueltig_bis>2032-11-15<\/gueltig_bis>\n<mitwarmwasser>1<\/mitwarmwasser>\n<primaerenergietraeger>OEL<\/primaerenergietraeger>\n<baujahr>1975<\/baujahr>\n<jahrgang>2014<\/jahrgang>\n<gebaeudeart>wohn<\/gebaeudeart>\n<hwbwert>179.50<\/hwbwert>\n<hwbklasse>E<\/hwbklasse>\n<fgeewert>3.19<\/fgeewert>\n<fgeeklasse>E<\/fgeeklasse>\n<\/energiepass>\n<verkaufstatus stand=\"OFFEN\"\/><\/zustand_angaben>\n<bewertung\/>\n<infrastruktur\/>\n<freitexte>\n<objekttitel>AUFGELEBT - renovierungsbed&#xFC;rftige Wohnung mit S&#xFC;dterrasse &amp; Potenzial in Christkindl<\/objekttitel>\n<dreizeiler\/>\n<lage\/>\n<ausstatt_beschr\/>\n<objektbeschreibung>Diese renovierungsbed&#xFC;rftige Eigentumswohnung in Steyr bietet die perfekte Basis f&#xFC;r alle, die ihr zuk&#xFC;nftiges Zuhause selbst gestalten m&#xF6;chten. Auf rund 75,44 m&#xB2; verteilen sich zwei Schlafzimmer und eine Wohnk&#xFC;che mit direktem Zugang zur gro&#xDF;z&#xFC;gigen S&#xFC;dterrasse.\n\nMit rund 14,51 m&#xB2; wird die Terrasse an sonnigen Tagen schnell zum zus&#xE4;tzlichen Wohnraum. Gleichzeitig punktet die Lage mit der unmittelbaren N&#xE4;he zur Unterhimmler Au und damit mit viel Natur fast vor der Haust&#xFC;r.\n\n&#x2022; ca. 75,44 m&#xB2; Wohnfl&#xE4;che\n&#x2022; 14,51 m&#xB2; S&#xFC;dterrasse\n&#x2022; Wohnk&#xFC;che + 2 Schlafzimmer\n&#x2022; Erdgeschoss &amp; Badezimmer mit Fenster\n&#x2022; renovierungsbed&#xFC;rftig &#x2013; ideal f&#xFC;r Eigennutzer, Sanierer oder Anleger\n\nDie Wohnung ist leerstehend und sofort verf&#xFC;gbar &#x2013; beste Voraussetzungen, um direkt mit der Verwirklichung der eigenen Wohnideen zu beginnen.<\/objektbeschreibung>\n<sonstige_angaben>Ihr Heim, unser Herzblut &#x2013; ITH Sonnberger GmbH\n\nWir sind Ihr regionaler Immobilientreuh&#xE4;nder mit echter Marktkenntnis und Leidenschaft. Jede unserer Immobilien ist gepr&#xFC;ft, bewertet und ein echter Mehrwert f&#xFC;r Sie.\n\n&#x2022; VIP-Vorsprung: Exklusive Objekte vor Ver&#xF6;ffentlichung &#x2013; pr&#xFC;fen Sie Ankauf &amp; Finanzierung fr&#xFC;hzeitig!\n&#x2022; Virtuelle Besichtigung: Alle Immobilien bequem &amp; garantiert virenfrei erleben &#x2013; mit 360&#xB0; Rundgang direkt im Expos&#xE9;!\n\nSchneller, sicherer, pers&#xF6;nlicher. Mehr Immobilien, Bilder &amp; Infos auf: www.sonnberger.at<\/sonstige_angaben><\/freitexte>\n<anhaenge>\n<anhang location=\"EXTERN\" gruppe=\"TITELBILD\">\n<anhangtitel>Titelbild<\/anhangtitel>\n<format>jpg<\/format>\n<daten>\n<pfad>8b6f3782-2c69-48c9-b69e-62c5eaa4419e.jpg<\/pfad>\n<\/daten>\n<\/anhang>\n<anhang location=\"EXTERN\" gruppe=\"GRUNDRISS\">\n<anhangtitel>Top 3<\/anhangtitel>\n<format>jpg<\/format>\n<daten>\n<pfad>0075b386-8b81-483e-a4cb-dfcdfc4d7558.jpg<\/pfad>\n<\/daten>\n<\/anhang>\n<anhang location=\"EXTERN\" gruppe=\"BILD\">\n<anhangtitel>Wohnzimmer<\/anhangtitel>\n<format>jpg<\/format>\n<daten>\n<pfad>448a87bd-8f64-4136-90a7-1cad47ad5ed0.jpg<\/pfad>\n<\/daten>\n<\/anhang>\n<anhang location=\"EXTERN\" gruppe=\"BILD\">\n<anhangtitel>Wohnzimmer Einrichtungsvorschlag<\/anhangtitel>\n<format>jpg<\/format>\n<daten>\n<pfad>c0969e77-dee9-4279-a204-0779b0584be8.jpg<\/pfad>\n<\/daten>\n<\/anhang>\n<anhang location=\"EXTERN\" gruppe=\"BILD\">\n<anhangtitel>K&#xFC;che<\/anhangtitel>\n<format>jpg<\/format>\n<daten>\n<pfad>71526646-a65c-49bd-957d-1df457016122.jpg<\/pfad>\n<\/daten>\n<\/anhang>\n<anhang location=\"EXTERN\" gruppe=\"BILD\">\n<anhangtitel>Wohnraum<\/anhangtitel>\n<format>jpg<\/format>\n<daten>\n<pfad>a1e39ccb-2e6f-4906-bd36-e3011ab35107.jpg<\/pfad>\n<\/daten>\n<\/anhang>\n<anhang location=\"EXTERN\" gruppe=\"BILD\">\n<anhangtitel>Wohnraum Einrichtungsvorschlag<\/anhangtitel>\n<format>jpg<\/format>\n<daten>\n<pfad>e38a7d22-dab8-4efa-b767-efb03ff80b9c.jpg<\/pfad>\n<\/daten>\n<\/anhang>\n<anhang location=\"EXTERN\" gruppe=\"BILD\">\n<anhangtitel>Bad<\/anhangtitel>\n<format>jpg<\/format>\n<daten>\n<pfad>332f63e0-74d9-4ff6-accc-a1af7edbc527.jpg<\/pfad>\n<\/daten>\n<\/anhang>\n<anhang location=\"EXTERN\" gruppe=\"BILD\">\n<anhangtitel>Schlafzimmer<\/anhangtitel>\n<format>jpg<\/format>\n<daten>\n<pfad>b77b4062-0b21-46c2-8ac6-05f6463172d6.jpg<\/pfad>\n<\/daten>\n<\/anhang>\n<anhang location=\"EXTERN\" gruppe=\"BILD\">\n<anhangtitel>Schlafzimmer Einrichtungsvorschlag<\/anhangtitel>\n<format>jpg<\/format>\n<daten>\n<pfad>98b75b46-07c8-41b1-98ab-8581d097a919.jpg<\/pfad>\n<\/daten>\n<\/anhang>\n<anhang location=\"EXTERN\" gruppe=\"BILD\">\n<anhangtitel>Kinderzimmer<\/anhangtitel>\n<format>jpg<\/format>\n<daten>\n<pfad>6cd9a024-f65b-42bb-892b-4f217619dd8c.jpg<\/pfad>\n<\/daten>\n<\/anhang>\n<anhang location=\"EXTERN\" gruppe=\"BILD\">\n<anhangtitel>Terrasse<\/anhangtitel>\n<format>jpg<\/format>\n<daten>\n<pfad>bea90e72-1135-43b0-85e1-5717a7e336b5.jpg<\/pfad>\n<\/daten>\n<\/anhang>\n<anhang location=\"EXTERN\" gruppe=\"BILD\">\n<anhangtitel>Terrasse Einrichtungsvorschlag<\/anhangtitel>\n<format>jpg<\/format>\n<daten>\n<pfad>cc429344-dfb4-4824-8187-3d6d6a819bcc.jpg<\/pfad>\n<\/daten>\n<\/anhang>\n<anhang location=\"EXTERN\" gruppe=\"BILD\">\n<anhangtitel>Au&#xDF;enansicht<\/anhangtitel>\n<format>jpg<\/format>\n<daten>\n<pfad>f9b50800-f4c5-4552-a97b-fcd390f44dec.jpg<\/pfad>\n<\/daten>\n<\/anhang>\n<anhang location=\"EXTERN\" gruppe=\"BILD\">\n<anhangtitel>-HOMEPAGE_Rundgang<\/anhangtitel>\n<format>jpg<\/format>\n<daten>\n<pfad>51f44386-133c-4656-b791-2347111e6d15.jpg<\/pfad>\n<\/daten>\n<\/anhang>\n<\/anhaenge>\n<verwaltung_objekt>\n<objektadresse_freigeben>0<\/objektadresse_freigeben>\n<verfuegbar_ab>sofort<\/verfuegbar_ab>\n<user_defined_simplefield feldname=\"top_angebot\">0<\/user_defined_simplefield>\n<user_defined_simplefield feldname=\"preisreduktion\">0<\/user_defined_simplefield>\n<user_defined_simplefield feldname=\"courtage_frei\">0<\/user_defined_simplefield>\n<user_defined_simplefield feldname=\"neu\">0<\/user_defined_simplefield>\n<user_defined_simplefield feldname=\"referenz\">0<\/user_defined_simplefield>\n<user_defined_simplefield feldname=\"objekt_des_tages\">0<\/user_defined_simplefield>\n<user_defined_simplefield feldname=\"reserviert\">0<\/user_defined_simplefield>\n<user_defined_simplefield feldname=\"verkauft\">0<\/user_defined_simplefield>\n<user_defined_simplefield feldname=\"veroeffentlichen\">0<\/user_defined_simplefield>\n<user_defined_simplefield feldname=\"exklusiv\">0<\/user_defined_simplefield>\n<user_defined_simplefield feldname=\"objekt_der_woche\">0<\/user_defined_simplefield>\n<\/verwaltung_objekt>\n<verwaltung_techn>\n<objektnr_intern>14493<\/objektnr_intern>\n<objektnr_extern>RSI-26-7175<\/objektnr_extern>\n<aktion aktionart=\"CHANGE\"\/>\n<openimmo_obid>19167_14493_RSI-26-7175<\/openimmo_obid>\n<kennung_ursprung>onOffice Software<\/kennung_ursprung>\n<stand_vom>2026-09-03<\/stand_vom><weitergabe_generell>1<\/weitergabe_generell>\n<user_defined_simplefield feldname=\"top_angebot\">0<\/user_defined_simplefield>\n<user_defined_simplefield feldname=\"preisreduktion\">0<\/user_defined_simplefield>\n<user_defined_simplefield feldname=\"courtage_frei\">0<\/user_defined_simplefield>\n<user_defined_simplefield feldname=\"neu\">0<\/user_defined_simplefield>\n<user_defined_simplefield feldname=\"referenz\">0<\/user_defined_simplefield>\n<user_defined_simplefield feldname=\"objekt_des_tages\">0<\/user_defined_simplefield>\n<user_defined_simplefield feldname=\"reserviert\">0<\/user_defined_simplefield>\n<user_defined_simplefield feldname=\"verkauft\">0<\/user_defined_simplefield>\n<user_defined_simplefield feldname=\"veroeffentlichen\">0<\/user_defined_simplefield>\n<user_defined_simplefield feldname=\"exklusiv\">0<\/user_defined_simplefield>\n<user_defined_simplefield feldname=\"objekt_der_woche\">0<\/user_defined_simplefield>\n<\/verwaltung_techn>\n<\/immobilie>\n"],"fave_property_images":["45985","45987","45988","45989","45990","45991","45992","45993","45994","45995","45996","45997","45998","45999"],"fave_floor_plans_enable":["enable"],"floor_plans":["a:1:{i:0;a:7:{s:15:\"fave_plan_title\";s:5:\"Top 3\";s:15:\"fave_plan_rooms\";s:0:\"\";s:19:\"fave_plan_bathrooms\";s:0:\"\";s:15:\"fave_plan_price\";s:0:\"\";s:14:\"fave_plan_size\";s:0:\"\";s:15:\"fave_plan_image\";s:104:\"https:\/\/sonnberger.co.at\/wp\/wp-content\/uploads\/2026\/09\/0075b386-8b81-483e-a4cb-dfcdfc4d7558-1024x768.jpg\";s:21:\"fave_plan_description\";s:0:\"\";}}"],"fave_prop_homeslider":["yes"],"fave_prop_slider_image":["45985"],"fave_agent_display_option":["none"],"fave_single_top_area":["global"],"fave_single_content_area":["global"],"fave_property_map":["1"],"fave_property_map_street_view":["hide"],"fave_property_size_prefix":["m\u00b2"],"fave_property_land_postfix":["m\u00b2"],"fave_featured":["0"],"_oembed_240d84f8f7289af6047b100989c44ebb":["<iframe title=\"Verkaufen zum H\u00f6chstpreis?\" width=\"1170\" height=\"658\" src=\"https:\/\/www.youtube.com\/embed\/LU0o5r0T668?feature=oembed\" frameborder=\"0\" allow=\"accelerometer; autoplay; clipboard-write; encrypted-media; gyroscope; picture-in-picture; web-share\" referrerpolicy=\"strict-origin-when-cross-origin\" allowfullscreen><\/iframe>"],"_oembed_time_240d84f8f7289af6047b100989c44ebb":["1788421675"],"houzez_total_property_views":["65"],"houzez_views_by_date":["a:2:{s:10:\"09-03-2026\";i:53;s:10:\"09-04-2026\";i:12;}"],"houzez_recently_viewed":["2026-09-04 07:43:38"]},"_links":{"self":[{"href":"https:\/\/sonnberger.co.at\/wp\/wp-json\/wp\/v2\/properties\/45984","targetHints":{"allow":["GET"]}}],"collection":[{"href":"https:\/\/sonnberger.co.at\/wp\/wp-json\/wp\/v2\/properties"}],"about":[{"href":"https:\/\/sonnberger.co.at\/wp\/wp-json\/wp\/v2\/types\/property"}],"author":[{"embeddable":true,"href":"https:\/\/sonnberger.co.at\/wp\/wp-json\/wp\/v2\/users\/1"}],"version-history":[{"count":2,"href":"https:\/\/sonnberger.co.at\/wp\/wp-json\/wp\/v2\/properties\/45984\/revisions"}],"predecessor-version":[{"id":46001,"href":"https:\/\/sonnberger.co.at\/wp\/wp-json\/wp\/v2\/properties\/45984\/revisions\/46001"}],"wp:featuredmedia":[{"embeddable":true,"href":"https:\/\/sonnberger.co.at\/wp\/wp-json\/wp\/v2\/media\/45985"}],"wp:attachment":[{"href":"https:\/\/sonnberger.co.at\/wp\/wp-json\/wp\/v2\/media?parent=45984"}],"wp:term":[{"taxonomy":"property_type","embeddable":true,"href":"https:\/\/sonnberger.co.at\/wp\/wp-json\/wp\/v2\/property_type?post=45984"},{"taxonomy":"property_status","embeddable":true,"href":"https:\/\/sonnberger.co.at\/wp\/wp-json\/wp\/v2\/property_status?post=45984"},{"taxonomy":"property_feature","embeddable":true,"href":"https:\/\/sonnberger.co.at\/wp\/wp-json\/wp\/v2\/property_feature?post=45984"},{"taxonomy":"property_label","embeddable":true,"href":"https:\/\/sonnberger.co.at\/wp\/wp-json\/wp\/v2\/property_label?post=45984"},{"taxonomy":"property_country","embeddable":true,"href":"https:\/\/sonnberger.co.at\/wp\/wp-json\/wp\/v2\/property_country?post=45984"},{"taxonomy":"property_state","embeddable":true,"href":"https:\/\/sonnberger.co.at\/wp\/wp-json\/wp\/v2\/property_state?post=45984"},{"taxonomy":"property_city","embeddable":true,"href":"https:\/\/sonnberger.co.at\/wp\/wp-json\/wp\/v2\/property_city?post=45984"},{"taxonomy":"property_area","embeddable":true,"href":"https:\/\/sonnberger.co.at\/wp\/wp-json\/wp\/v2\/property_area?post=45984"}],"curies":[{"name":"wp","href":"https:\/\/api.w.org\/{rel}","templated":true}]}}