{"id":39901,"date":"2026-07-30T00:01:58","date_gmt":"2026-07-29T22:01:58","guid":{"rendered":"https:\/\/sonnberger.co.at\/wp\/immobilien\/szenario-4-zimmer-wohnung-mit-loggia-an-der-ennsleite\/"},"modified":"2026-07-30T14:08:58","modified_gmt":"2026-07-30T12:08:58","slug":"szenario-4-zimmer-wohnung-mit-loggia-an-der-ennsleite","status":"publish","type":"property","link":"https:\/\/sonnberger.co.at\/wp\/immobilien\/szenario-4-zimmer-wohnung-mit-loggia-an-der-ennsleite\/","title":{"rendered":"GL\u00dcCKSKAPITEL \u2013 gro\u00dfz\u00fcgig wohnen mit Platz f\u00fcr die ganze Familie in Steyr"},"content":{"rendered":"<p>Diese rund 125 m\u00b2 gro\u00dfe Wohnung \u00fcberzeugt mit einer durchdachten Raumaufteilung, viel Platz und einer angenehm hellen Wohnatmosph\u00e4re. Drei Schlafr\u00e4ume und der gro\u00dfz\u00fcgige Wohnbereich bieten ideale Voraussetzungen f\u00fcr Familien, Paare mit Platzbedarf oder Wohnen mit Homeoffice.<\/p>\n<p>Die rund 8 m\u00b2 gro\u00dfe Loggia ist nach S\u00fcdwesten ausgerichtet und l\u00e4dt zu sonnigen Nachmittagen und entspannten Abendstunden ein. Ein eigener Parkplatz direkt vor dem Haus, ein gro\u00dfes Kellerabteil und der gemeinschaftlich nutzbare Garten erg\u00e4nzen das attraktive Gesamtangebot.<\/p>\n<p>\u2022 ca. 125 m\u00b2 Wohnfl\u00e4che + 8 m\u00b2 Loggia<br \/>\n\u2022 3 Schlafr\u00e4ume &amp; helles Wohnzimmer mit Zugang zur Loggia<br \/>\n\u2022 Eigenes Kellerabteil (8 m\u00b2) &amp; Parkplatz direkt vor dem Haus<br \/>\n\u2022 Gepflegte Anlage \u2013 Sanierung 2016 (Dach, Fassade, Fenster)<\/p>\n<p>Ein besonderer Treffpunkt w\u00e4hrend der warmen Monate ist der gemeinschaftlich nutzbare Garten. Hier entstehen gem\u00fctliche Grillabende, entspannte Stunden im Freien und nette Begegnungen mit den Bewohnerinnen und Bewohnern des Hauses.<br \/>\n<div class=\"widget widget_immonex_user_defined_properties_widget\"><div class=\"immonex-widget immonex-widget-houzez\">\n\t\t<div class=\"immonex-widget-title clearfix\">\n\t\t<h2 class=\"widgettitle\">Energieeffizienz<\/h2>\t<\/div>\n\t\t<ul class=\"immonex-property-details\">\n\t\t\t\t<li>\n\t\t\t\t\t\t<span class=\"property-details-label\">Energieausweis g\u00fcltig bis:<\/span> <span class=\"property-details-value\">04.05.2025<\/span>\n\t\t\t\t\t<\/li>\n\t\t\t\t<li>\n\t\t\t\t\t\t<span class=\"property-details-label\">HWB-Wert:<\/span> <span class=\"property-details-value\">38,79&nbsp;kWh\/(m\u00b2*a)<\/span>\n\t\t\t\t\t<\/li>\n\t\t\t\t<li>\n\t\t\t\t\t\t<span class=\"property-details-label\">HWB-Klasse:<\/span> <span class=\"property-details-value\">B<\/span>\n\t\t\t\t\t<\/li>\n\t\t\t\t<li>\n\t\t\t\t\t\t<span class=\"property-details-label\">fGEE-Wert:<\/span> <span class=\"property-details-value\">0,89<\/span>\n\t\t\t\t\t<\/li>\n\t\t\t\t<li>\n\t\t\t\t\t\t<span class=\"property-details-label\">fGEE-Klasse:<\/span> <span class=\"property-details-value\">B<\/span>\n\t\t\t\t\t<\/li>\n\t\t\t\t<li>\n\t\t\t\t\t\t<span class=\"property-details-label\">Prim\u00e4renergietr\u00e4ger:<\/span> <span class=\"property-details-value\">Fernw\u00e4rme<\/span>\n\t\t\t\t\t<\/li>\n\t\t\t\t<li>\n\t\t\t\t\t\t<span class=\"property-details-label\">Baujahr (Energieausweis):<\/span> <span class=\"property-details-value\">1968<\/span>\n\t\t\t\t\t<\/li>\n\t\t\t\t<li>\n\t\t\t\t\t\t<span class=\"property-details-label\">Energieausweis-Jahrgang:<\/span> <span class=\"property-details-value\">ab Mai 2014<\/span>\n\t\t\t\t\t<\/li>\n\t\t\t\t<li>\n\t\t\t\t\t\t<span class=\"property-details-label\">Energieausweis-Geb\u00e4udeart:<\/span> <span class=\"property-details-value\">Wohngeb\u00e4ude<\/span>\n\t\t\t\t\t<\/li>\n\t\t\t<\/ul>\n<\/div><\/div>\n<div class=\"immonex-energy-scale section bandtacho residential display-standard\">\n\t\n\t<div class=\"final-energy\">\n\t\t\t\t<div class=\"arrow\">\n\t\t\t<div class=\"arrow-down\" style=\"left:13.6315575%\"><\/div>\n\t\t<\/div>\n\n\t\t<div class=\"infotext right\" style=\"padding-left:-webkit-calc(13.6315575% + 1.25em); padding-left:-moz-calc(13.6315575% + 1.25em); padding-left:calc(13.6315575% + 1.25em)\">\n\t\t\t<div class=\"infotext-inner-wrap\">\n\t\t\t\t<div>\n\t\t\t\t\t\t\t\t\t\t<strong>38,79 <span class=\"no_translate\">kWh\/(m&sup2;&middot;a)<\/span><\/strong>\n\t\t\t\t<\/div>\n\t\t\t<\/div>\n\t\t<\/div>\n\n\t\t\t\t<div class=\"rating gradient\">\n\t\t\t\t\t\t&nbsp;\n\t\t\t\t\t<\/div>\n\t<\/div>\n\n\t<div class=\"scale-values\">\n\t\t\t\t<div style=\"width:11.4%\">0<\/div>\n\t\t\t\t<div style=\"width:11.4%\">50<\/div>\n\t\t\t\t<div style=\"width:11.4%\">100<\/div>\n\t\t\t\t<div style=\"width:11.4%\">150<\/div>\n\t\t\t\t<div style=\"width:11.4%\">200<\/div>\n\t\t\t\t<div style=\"width:11.4%\">250<\/div>\n\t\t\t\t<div style=\"width:11.4%\">300<\/div>\n\t\t\t\t<div style=\"width:11.4%\">350<\/div>\n\t\t\t\t<div style=\"width:11.4%\">&ge;400<\/div>\n\t\t\t<\/div>\n\n\t<div class=\"primary-energy\">\n\t\t<div class=\"gradient\">&nbsp;<\/div>\n\t\t\t<\/div>\n\t<\/div>\n\n","protected":false},"excerpt":{"rendered":"<p>Diese rund 125 m gro\u00dfe Wohnung \u00fcberzeugt mit einer durchdachten Raumaufteilung, viel Platz und einer angenehm hellen&#8230;<\/p>\n","protected":false},"author":1,"featured_media":44721,"parent":0,"menu_order":0,"template":"","meta":{"ngg_post_thumbnail":0,"footnotes":""},"property_type":[109],"property_status":[13],"property_feature":[176,2331,105,12,173,110,2361],"property_label":[],"property_country":[2549],"property_state":[2354],"property_city":[185],"property_area":[184],"class_list":["post-39901","property","type-property","status-publish","has-post-thumbnail","hentry","property_type-etagenwohnung","property_status-zu-kaufen","property_feature-abstellraum","property_feature-fahrradraum","property_feature-gartennutzung","property_feature-gaeste-wc","property_feature-haustiere-erlaubt","property_feature-personenaufzug","property_feature-wasch-trockenraum","property_country-oesterreich","property_state-oberoesterreich","property_city-steyr","property_area-steyr"],"aioseo_notices":[],"aioseo_head":"\n\t\t<!-- All in One SEO 5.0.0.1 - aioseo.com -->\n\t<meta name=\"description\" content=\"Diese rund 125 m gro\u00dfe Wohnung \u00fcberzeugt mit einer durchdachten Raumaufteilung, viel Platz und einer angenehm hellen...\" \/>\n\t<meta name=\"robots\" content=\"max-image-preview:large\" \/>\n\t<meta name=\"author\" content=\"Roman Sonnberger\"\/>\n\t<link rel=\"canonical\" href=\"https:\/\/sonnberger.co.at\/wp\/immobilien\/szenario-4-zimmer-wohnung-mit-loggia-an-der-ennsleite\/\" \/>\n\t<meta name=\"generator\" content=\"All in One SEO (AIOSEO) 5.0.0.1\" \/>\n\t\t<meta property=\"og:locale\" content=\"de_DE\" \/>\n\t\t<meta property=\"og:site_name\" content=\"ITH Sonnberger GmbH - Ihr regionaler Immobilientreuh\u00e4nder!\" \/>\n\t\t<meta property=\"og:type\" content=\"article\" \/>\n\t\t<meta property=\"og:title\" content=\"GL\u00dcCKSKAPITEL \u2013 gro\u00dfz\u00fcgig wohnen mit Platz f\u00fcr die ganze Familie in Steyr - ITH Sonnberger GmbH\" \/>\n\t\t<meta property=\"og:description\" content=\"Diese rund 125 m gro\u00dfe Wohnung \u00fcberzeugt mit einer durchdachten Raumaufteilung, viel Platz und einer angenehm hellen...\" \/>\n\t\t<meta property=\"og:url\" content=\"https:\/\/sonnberger.co.at\/wp\/immobilien\/szenario-4-zimmer-wohnung-mit-loggia-an-der-ennsleite\/\" \/>\n\t\t<meta property=\"article:published_time\" content=\"2026-07-29T22:01:58+00:00\" \/>\n\t\t<meta property=\"article:modified_time\" content=\"2026-07-30T12:08:58+00:00\" \/>\n\t\t<meta name=\"twitter:card\" content=\"summary_large_image\" \/>\n\t\t<meta name=\"twitter:title\" content=\"GL\u00dcCKSKAPITEL \u2013 gro\u00dfz\u00fcgig wohnen mit Platz f\u00fcr die ganze Familie in Steyr - ITH Sonnberger GmbH\" \/>\n\t\t<meta name=\"twitter:description\" content=\"Diese rund 125 m gro\u00dfe Wohnung \u00fcberzeugt mit einer durchdachten Raumaufteilung, viel Platz und einer angenehm hellen...\" \/>\n\t\t<script type=\"application\/ld+json\" class=\"aioseo-schema\">\n\t\t\t{\"@context\":\"https:\\\/\\\/schema.org\",\"@graph\":[{\"@type\":\"BreadcrumbList\",\"@id\":\"https:\\\/\\\/sonnberger.co.at\\\/wp\\\/immobilien\\\/szenario-4-zimmer-wohnung-mit-loggia-an-der-ennsleite\\\/#breadcrumblist\",\"itemListElement\":[{\"@type\":\"ListItem\",\"@id\":\"https:\\\/\\\/sonnberger.co.at\\\/wp#listItem\",\"position\":1,\"name\":\"Home\",\"item\":\"https:\\\/\\\/sonnberger.co.at\\\/wp\",\"nextItem\":{\"@type\":\"ListItem\",\"@id\":\"https:\\\/\\\/sonnberger.co.at\\\/wp\\\/immobilien\\\/#listItem\",\"name\":\"Immobilien\"}},{\"@type\":\"ListItem\",\"@id\":\"https:\\\/\\\/sonnberger.co.at\\\/wp\\\/immobilien\\\/#listItem\",\"position\":2,\"name\":\"Immobilien\",\"item\":\"https:\\\/\\\/sonnberger.co.at\\\/wp\\\/immobilien\\\/\",\"nextItem\":{\"@type\":\"ListItem\",\"@id\":\"https:\\\/\\\/sonnberger.co.at\\\/wp\\\/immobilienart\\\/wohnungen\\\/#listItem\",\"name\":\"Wohnungen\"},\"previousItem\":{\"@type\":\"ListItem\",\"@id\":\"https:\\\/\\\/sonnberger.co.at\\\/wp#listItem\",\"name\":\"Home\"}},{\"@type\":\"ListItem\",\"@id\":\"https:\\\/\\\/sonnberger.co.at\\\/wp\\\/immobilienart\\\/wohnungen\\\/#listItem\",\"position\":3,\"name\":\"Wohnungen\",\"item\":\"https:\\\/\\\/sonnberger.co.at\\\/wp\\\/immobilienart\\\/wohnungen\\\/\",\"nextItem\":{\"@type\":\"ListItem\",\"@id\":\"https:\\\/\\\/sonnberger.co.at\\\/wp\\\/immobilienart\\\/etagenwohnung\\\/#listItem\",\"name\":\"Etagenwohnung\"},\"previousItem\":{\"@type\":\"ListItem\",\"@id\":\"https:\\\/\\\/sonnberger.co.at\\\/wp\\\/immobilien\\\/#listItem\",\"name\":\"Immobilien\"}},{\"@type\":\"ListItem\",\"@id\":\"https:\\\/\\\/sonnberger.co.at\\\/wp\\\/immobilienart\\\/etagenwohnung\\\/#listItem\",\"position\":4,\"name\":\"Etagenwohnung\",\"item\":\"https:\\\/\\\/sonnberger.co.at\\\/wp\\\/immobilienart\\\/etagenwohnung\\\/\",\"nextItem\":{\"@type\":\"ListItem\",\"@id\":\"https:\\\/\\\/sonnberger.co.at\\\/wp\\\/immobilien\\\/szenario-4-zimmer-wohnung-mit-loggia-an-der-ennsleite\\\/#listItem\",\"name\":\"GL\\u00dcCKSKAPITEL \\u2013 gro\\u00dfz\\u00fcgig wohnen mit Platz f\\u00fcr die ganze Familie in Steyr\"},\"previousItem\":{\"@type\":\"ListItem\",\"@id\":\"https:\\\/\\\/sonnberger.co.at\\\/wp\\\/immobilienart\\\/wohnungen\\\/#listItem\",\"name\":\"Wohnungen\"}},{\"@type\":\"ListItem\",\"@id\":\"https:\\\/\\\/sonnberger.co.at\\\/wp\\\/immobilien\\\/szenario-4-zimmer-wohnung-mit-loggia-an-der-ennsleite\\\/#listItem\",\"position\":5,\"name\":\"GL\\u00dcCKSKAPITEL \\u2013 gro\\u00dfz\\u00fcgig wohnen mit Platz f\\u00fcr die ganze Familie in Steyr\",\"previousItem\":{\"@type\":\"ListItem\",\"@id\":\"https:\\\/\\\/sonnberger.co.at\\\/wp\\\/immobilienart\\\/etagenwohnung\\\/#listItem\",\"name\":\"Etagenwohnung\"}}]},{\"@type\":\"Organization\",\"@id\":\"https:\\\/\\\/sonnberger.co.at\\\/wp\\\/#organization\",\"name\":\"ITH Sonnberger GmbH\",\"description\":\"Ihr regionaler Immobilientreuh\\u00e4nder!\",\"url\":\"https:\\\/\\\/sonnberger.co.at\\\/wp\\\/\"},{\"@type\":\"Person\",\"@id\":\"https:\\\/\\\/sonnberger.co.at\\\/wp\\\/author\\\/r0manson\\\/#author\",\"url\":\"https:\\\/\\\/sonnberger.co.at\\\/wp\\\/author\\\/r0manson\\\/\",\"name\":\"Roman Sonnberger\",\"image\":{\"@type\":\"ImageObject\",\"@id\":\"https:\\\/\\\/sonnberger.co.at\\\/wp\\\/immobilien\\\/szenario-4-zimmer-wohnung-mit-loggia-an-der-ennsleite\\\/#authorImage\",\"url\":\"https:\\\/\\\/secure.gravatar.com\\\/avatar\\\/a6719abbd5b3fda574b8921efc33e7cf5c893e36ea33715505a2023ef18eef51?s=96&d=mm&r=g\",\"width\":96,\"height\":96,\"caption\":\"Roman Sonnberger\"}},{\"@type\":\"WebPage\",\"@id\":\"https:\\\/\\\/sonnberger.co.at\\\/wp\\\/immobilien\\\/szenario-4-zimmer-wohnung-mit-loggia-an-der-ennsleite\\\/#webpage\",\"url\":\"https:\\\/\\\/sonnberger.co.at\\\/wp\\\/immobilien\\\/szenario-4-zimmer-wohnung-mit-loggia-an-der-ennsleite\\\/\",\"name\":\"GL\\u00dcCKSKAPITEL \\u2013 gro\\u00dfz\\u00fcgig wohnen mit Platz f\\u00fcr die ganze Familie in Steyr - ITH Sonnberger GmbH\",\"description\":\"Diese rund 125 m gro\\u00dfe Wohnung \\u00fcberzeugt mit einer durchdachten Raumaufteilung, viel Platz und einer angenehm hellen...\",\"inLanguage\":\"de-DE\",\"isPartOf\":{\"@id\":\"https:\\\/\\\/sonnberger.co.at\\\/wp\\\/#website\"},\"breadcrumb\":{\"@id\":\"https:\\\/\\\/sonnberger.co.at\\\/wp\\\/immobilien\\\/szenario-4-zimmer-wohnung-mit-loggia-an-der-ennsleite\\\/#breadcrumblist\"},\"author\":{\"@id\":\"https:\\\/\\\/sonnberger.co.at\\\/wp\\\/author\\\/r0manson\\\/#author\"},\"creator\":{\"@id\":\"https:\\\/\\\/sonnberger.co.at\\\/wp\\\/author\\\/r0manson\\\/#author\"},\"image\":{\"@type\":\"ImageObject\",\"url\":\"https:\\\/\\\/sonnberger.co.at\\\/wp\\\/wp-content\\\/uploads\\\/2026\\\/07\\\/f8bbf4ea-b7d4-4efe-9ec7-e40195366c7c.jpg\",\"@id\":\"https:\\\/\\\/sonnberger.co.at\\\/wp\\\/immobilien\\\/szenario-4-zimmer-wohnung-mit-loggia-an-der-ennsleite\\\/#mainImage\",\"width\":1200,\"height\":900,\"caption\":\"Wohnraum (Einrichtungsvorschlag)\"},\"primaryImageOfPage\":{\"@id\":\"https:\\\/\\\/sonnberger.co.at\\\/wp\\\/immobilien\\\/szenario-4-zimmer-wohnung-mit-loggia-an-der-ennsleite\\\/#mainImage\"},\"datePublished\":\"2026-07-30T00:01:58+02:00\",\"dateModified\":\"2026-07-30T14:08:58+02:00\"},{\"@type\":\"WebSite\",\"@id\":\"https:\\\/\\\/sonnberger.co.at\\\/wp\\\/#website\",\"url\":\"https:\\\/\\\/sonnberger.co.at\\\/wp\\\/\",\"name\":\"ITH Sonnberger GmbH\",\"description\":\"Ihr regionaler Immobilientreuh\\u00e4nder!\",\"inLanguage\":\"de-DE\",\"publisher\":{\"@id\":\"https:\\\/\\\/sonnberger.co.at\\\/wp\\\/#organization\"}}]}\n\t\t<\/script>\n\t\t<!-- All in One SEO -->\n\n","aioseo_head_json":{"title":"GL\u00dcCKSKAPITEL \u2013 gro\u00dfz\u00fcgig wohnen mit Platz f\u00fcr die ganze Familie in Steyr - ITH Sonnberger GmbH","description":"Diese rund 125 m gro\u00dfe Wohnung \u00fcberzeugt mit einer durchdachten Raumaufteilung, viel Platz und einer angenehm hellen...","canonical_url":"https:\/\/sonnberger.co.at\/wp\/immobilien\/szenario-4-zimmer-wohnung-mit-loggia-an-der-ennsleite\/","robots":"max-image-preview:large","keywords":"","webmasterTools":{"miscellaneous":""},"schema":{"@context":"https:\/\/schema.org","@graph":[{"@type":"BreadcrumbList","@id":"https:\/\/sonnberger.co.at\/wp\/immobilien\/szenario-4-zimmer-wohnung-mit-loggia-an-der-ennsleite\/#breadcrumblist","itemListElement":[{"@type":"ListItem","@id":"https:\/\/sonnberger.co.at\/wp#listItem","position":1,"name":"Home","item":"https:\/\/sonnberger.co.at\/wp","nextItem":{"@type":"ListItem","@id":"https:\/\/sonnberger.co.at\/wp\/immobilien\/#listItem","name":"Immobilien"}},{"@type":"ListItem","@id":"https:\/\/sonnberger.co.at\/wp\/immobilien\/#listItem","position":2,"name":"Immobilien","item":"https:\/\/sonnberger.co.at\/wp\/immobilien\/","nextItem":{"@type":"ListItem","@id":"https:\/\/sonnberger.co.at\/wp\/immobilienart\/wohnungen\/#listItem","name":"Wohnungen"},"previousItem":{"@type":"ListItem","@id":"https:\/\/sonnberger.co.at\/wp#listItem","name":"Home"}},{"@type":"ListItem","@id":"https:\/\/sonnberger.co.at\/wp\/immobilienart\/wohnungen\/#listItem","position":3,"name":"Wohnungen","item":"https:\/\/sonnberger.co.at\/wp\/immobilienart\/wohnungen\/","nextItem":{"@type":"ListItem","@id":"https:\/\/sonnberger.co.at\/wp\/immobilienart\/etagenwohnung\/#listItem","name":"Etagenwohnung"},"previousItem":{"@type":"ListItem","@id":"https:\/\/sonnberger.co.at\/wp\/immobilien\/#listItem","name":"Immobilien"}},{"@type":"ListItem","@id":"https:\/\/sonnberger.co.at\/wp\/immobilienart\/etagenwohnung\/#listItem","position":4,"name":"Etagenwohnung","item":"https:\/\/sonnberger.co.at\/wp\/immobilienart\/etagenwohnung\/","nextItem":{"@type":"ListItem","@id":"https:\/\/sonnberger.co.at\/wp\/immobilien\/szenario-4-zimmer-wohnung-mit-loggia-an-der-ennsleite\/#listItem","name":"GL\u00dcCKSKAPITEL \u2013 gro\u00dfz\u00fcgig wohnen mit Platz f\u00fcr die ganze Familie in Steyr"},"previousItem":{"@type":"ListItem","@id":"https:\/\/sonnberger.co.at\/wp\/immobilienart\/wohnungen\/#listItem","name":"Wohnungen"}},{"@type":"ListItem","@id":"https:\/\/sonnberger.co.at\/wp\/immobilien\/szenario-4-zimmer-wohnung-mit-loggia-an-der-ennsleite\/#listItem","position":5,"name":"GL\u00dcCKSKAPITEL \u2013 gro\u00dfz\u00fcgig wohnen mit Platz f\u00fcr die ganze Familie in Steyr","previousItem":{"@type":"ListItem","@id":"https:\/\/sonnberger.co.at\/wp\/immobilienart\/etagenwohnung\/#listItem","name":"Etagenwohnung"}}]},{"@type":"Organization","@id":"https:\/\/sonnberger.co.at\/wp\/#organization","name":"ITH Sonnberger GmbH","description":"Ihr regionaler Immobilientreuh\u00e4nder!","url":"https:\/\/sonnberger.co.at\/wp\/"},{"@type":"Person","@id":"https:\/\/sonnberger.co.at\/wp\/author\/r0manson\/#author","url":"https:\/\/sonnberger.co.at\/wp\/author\/r0manson\/","name":"Roman Sonnberger","image":{"@type":"ImageObject","@id":"https:\/\/sonnberger.co.at\/wp\/immobilien\/szenario-4-zimmer-wohnung-mit-loggia-an-der-ennsleite\/#authorImage","url":"https:\/\/secure.gravatar.com\/avatar\/a6719abbd5b3fda574b8921efc33e7cf5c893e36ea33715505a2023ef18eef51?s=96&d=mm&r=g","width":96,"height":96,"caption":"Roman Sonnberger"}},{"@type":"WebPage","@id":"https:\/\/sonnberger.co.at\/wp\/immobilien\/szenario-4-zimmer-wohnung-mit-loggia-an-der-ennsleite\/#webpage","url":"https:\/\/sonnberger.co.at\/wp\/immobilien\/szenario-4-zimmer-wohnung-mit-loggia-an-der-ennsleite\/","name":"GL\u00dcCKSKAPITEL \u2013 gro\u00dfz\u00fcgig wohnen mit Platz f\u00fcr die ganze Familie in Steyr - ITH Sonnberger GmbH","description":"Diese rund 125 m gro\u00dfe Wohnung \u00fcberzeugt mit einer durchdachten Raumaufteilung, viel Platz und einer angenehm hellen...","inLanguage":"de-DE","isPartOf":{"@id":"https:\/\/sonnberger.co.at\/wp\/#website"},"breadcrumb":{"@id":"https:\/\/sonnberger.co.at\/wp\/immobilien\/szenario-4-zimmer-wohnung-mit-loggia-an-der-ennsleite\/#breadcrumblist"},"author":{"@id":"https:\/\/sonnberger.co.at\/wp\/author\/r0manson\/#author"},"creator":{"@id":"https:\/\/sonnberger.co.at\/wp\/author\/r0manson\/#author"},"image":{"@type":"ImageObject","url":"https:\/\/sonnberger.co.at\/wp\/wp-content\/uploads\/2026\/07\/f8bbf4ea-b7d4-4efe-9ec7-e40195366c7c.jpg","@id":"https:\/\/sonnberger.co.at\/wp\/immobilien\/szenario-4-zimmer-wohnung-mit-loggia-an-der-ennsleite\/#mainImage","width":1200,"height":900,"caption":"Wohnraum (Einrichtungsvorschlag)"},"primaryImageOfPage":{"@id":"https:\/\/sonnberger.co.at\/wp\/immobilien\/szenario-4-zimmer-wohnung-mit-loggia-an-der-ennsleite\/#mainImage"},"datePublished":"2026-07-30T00:01:58+02:00","dateModified":"2026-07-30T14:08:58+02:00"},{"@type":"WebSite","@id":"https:\/\/sonnberger.co.at\/wp\/#website","url":"https:\/\/sonnberger.co.at\/wp\/","name":"ITH Sonnberger GmbH","description":"Ihr regionaler Immobilientreuh\u00e4nder!","inLanguage":"de-DE","publisher":{"@id":"https:\/\/sonnberger.co.at\/wp\/#organization"}}]},"og:locale":"de_DE","og:site_name":"ITH Sonnberger GmbH - Ihr regionaler Immobilientreuh\u00e4nder!","og:type":"article","og:title":"GL\u00dcCKSKAPITEL \u2013 gro\u00dfz\u00fcgig wohnen mit Platz f\u00fcr die ganze Familie in Steyr - ITH Sonnberger GmbH","og:description":"Diese rund 125 m gro\u00dfe Wohnung \u00fcberzeugt mit einer durchdachten Raumaufteilung, viel Platz und einer angenehm hellen...","og:url":"https:\/\/sonnberger.co.at\/wp\/immobilien\/szenario-4-zimmer-wohnung-mit-loggia-an-der-ennsleite\/","article:published_time":"2026-07-29T22:01:58+00:00","article:modified_time":"2026-07-30T12:08:58+00:00","twitter:card":"summary_large_image","twitter:title":"GL\u00dcCKSKAPITEL \u2013 gro\u00dfz\u00fcgig wohnen mit Platz f\u00fcr die ganze Familie in Steyr - ITH Sonnberger GmbH","twitter:description":"Diese rund 125 m gro\u00dfe Wohnung \u00fcberzeugt mit einer durchdachten Raumaufteilung, viel Platz und einer angenehm hellen..."},"aioseo_meta_data":{"post_id":"39901","title":null,"description":null,"keywords":null,"keyphrases":{"focus":[],"additional":[]},"primary_term":null,"canonical_url":null,"og_title":null,"og_description":null,"og_object_type":"default","og_image_type":"default","og_image_url":null,"og_image_width":null,"og_image_height":null,"og_image_custom_url":null,"og_image_custom_fields":null,"og_video":null,"og_custom_url":null,"og_article_section":null,"og_article_tags":null,"twitter_use_og":false,"twitter_card":"default","twitter_image_type":"default","twitter_image_url":null,"twitter_image_custom_url":null,"twitter_image_custom_fields":null,"twitter_title":null,"twitter_description":null,"schema":{"blockGraphs":[],"customGraphs":[],"default":{"data":{"Article":[],"Course":[],"Dataset":[],"FAQPage":[],"Movie":[],"Person":[],"Product":[],"ProductReview":[],"Car":[],"Recipe":[],"Service":[],"SoftwareApplication":[],"WebPage":[]},"graphName":"","isEnabled":true},"graphs":[]},"schema_type":"default","schema_type_options":null,"pillar_content":false,"robots_default":true,"robots_noindex":false,"robots_noarchive":false,"robots_nosnippet":false,"robots_nofollow":false,"robots_noimageindex":false,"robots_noodp":false,"robots_notranslate":false,"robots_max_snippet":null,"robots_max_videopreview":null,"robots_max_imagepreview":"large","priority":null,"frequency":null,"local_seo":null,"limit_modified_date":false,"created":"2025-11-10 11:59:02","updated":"2026-08-20 09:46:25","focus_keyword":null,"additional_keywords":null,"truseo_locale":null,"ai":null,"breadcrumb_settings":null,"seo_analyzer_scan_date":null},"aioseo_breadcrumb":"<div class=\"aioseo-breadcrumbs\"><span class=\"aioseo-breadcrumb\">\n\t\t\t<a href=\"https:\/\/sonnberger.co.at\/wp\" title=\"Home\">Home<\/a>\n\t\t<\/span><span class=\"aioseo-breadcrumb-separator\">&raquo;<\/span><span class=\"aioseo-breadcrumb\">\n\t\t\t<a href=\"https:\/\/sonnberger.co.at\/wp\/immobilien\/\" title=\"Immobilien\">Immobilien<\/a>\n\t\t<\/span><span class=\"aioseo-breadcrumb-separator\">&raquo;<\/span><span class=\"aioseo-breadcrumb\">\n\t\t\t<a href=\"https:\/\/sonnberger.co.at\/wp\/immobilienart\/wohnungen\/\" title=\"Wohnungen\">Wohnungen<\/a>\n\t\t<\/span><span class=\"aioseo-breadcrumb-separator\">&raquo;<\/span><span class=\"aioseo-breadcrumb\">\n\t\t\t<a href=\"https:\/\/sonnberger.co.at\/wp\/immobilienart\/etagenwohnung\/\" title=\"Etagenwohnung\">Etagenwohnung<\/a>\n\t\t<\/span><span class=\"aioseo-breadcrumb-separator\">&raquo;<\/span><span class=\"aioseo-breadcrumb\">\n\t\t\tGL\u00dcCKSKAPITEL \u2013 gro\u00dfz\u00fcgig wohnen mit Platz f\u00fcr die ganze Familie in Steyr\n\t\t<\/span><\/div>","aioseo_breadcrumb_json":[{"label":"Home","link":"https:\/\/sonnberger.co.at\/wp"},{"label":"Immobilien","link":"https:\/\/sonnberger.co.at\/wp\/immobilien\/"},{"label":"Wohnungen","link":"https:\/\/sonnberger.co.at\/wp\/immobilienart\/wohnungen\/"},{"label":"Etagenwohnung","link":"https:\/\/sonnberger.co.at\/wp\/immobilienart\/etagenwohnung\/"},{"label":"GL\u00dcCKSKAPITEL \u2013 gro\u00dfz\u00fcgig wohnen mit Platz f\u00fcr die ganze Familie in Steyr","link":"https:\/\/sonnberger.co.at\/wp\/immobilien\/szenario-4-zimmer-wohnung-mit-loggia-an-der-ennsleite\/"}],"property_meta":{"_immonex_import_folder":["global"],"_immonex_translation_id":["RSI-25-5739"],"_openimmo_obid":["19167_11535_RSI-25-5739"],"_is_immonex_import_property":["1"],"_immonex_is_reference":[""],"_thumbnail_id":["44721"],"fave_property_map_address":["4400 Steyr"],"fave_property_zip":["4400"],"fave_property_country":["AT"],"houzez_geolocation_lat":["48.0528889"],"houzez_geolocation_long":["14.4205581"],"fave_property_location":["48.0528889,14.4205581"],"fave_property_price":["270000"],"fave_property_size":["125"],"fave_property_rooms":["4"],"fave_property_bedrooms":["3"],"fave_property_bathrooms":["1"],"fave_property_year":["1968"],"fave_property_id":["RSI-25-5739"],"_immonex_iso_country":["AUT"],"_immonex_group_number":[""],"_immonex_group_id":[""],"_immonex_group_master":[""],"_immonex_import_meta":["a:6:{s:8:\"zip_file\";s:116:\"\/www\/htdocs\/w01766d3\/sonnberger.co.at\/wp\/wp-content\/uploads\/immonex-openimmo-import\/19167_IMMONET_20260730140822.zip\";s:8:\"xml_file\";s:145:\"\/www\/htdocs\/w01766d3\/sonnberger.co.at\/wp\/wp-content\/uploads\/immonex-openimmo-import\/19167_immonet_20260730140822\/19167_IMMONET_20260730140822.xml\";s:12:\"mapping_file\";s:103:\"\/www\/htdocs\/w01766d3\/sonnberger.co.at\/wp\/wp-content\/uploads\/immonex-openimmo-import\/mappings\/houzez.csv\";s:9:\"timestamp\";i:1785413338;s:4:\"date\";s:10:\"2026-07-30\";s:4:\"time\";s:8:\"14:08:58\";}"],"_immonex_is_sold":[""],"_immonex_is_reserved":[""],"_immonex_is_available":["1"],"additional_features":["a:26:{i:0;a:2:{s:29:\"fave_additional_feature_title\";s:13:\"Anzahl Etagen\";s:29:\"fave_additional_feature_value\";s:3:\"3,0\";}i:1;a:2:{s:29:\"fave_additional_feature_title\";s:5:\"Etage\";s:29:\"fave_additional_feature_value\";s:1:\"3\";}i:2;a:2:{s:29:\"fave_additional_feature_title\";s:18:\"monatl. Heizkosten\";s:29:\"fave_additional_feature_value\";s:14:\"82,80&nbsp;\u20ac\";}i:3;a:2:{s:29:\"fave_additional_feature_title\";s:16:\"K\u00e4uferprovision\";s:29:\"fave_additional_feature_value\";s:16:\"3% zzgl 20% USt.\";}i:4;a:2:{s:29:\"fave_additional_feature_title\";s:25:\"Anzahl Au\u00dfenstellpl\u00e4tze\";s:29:\"fave_additional_feature_value\";s:1:\"1\";}i:5;a:2:{s:29:\"fave_additional_feature_title\";s:11:\"Wohnfl\u00e4che\";s:29:\"fave_additional_feature_value\";s:15:\"125,21&nbsp;m\u00b2\";}i:6;a:2:{s:29:\"fave_additional_feature_title\";s:11:\"Nutzfl\u00e4che\";s:29:\"fave_additional_feature_value\";s:15:\"133,21&nbsp;m\u00b2\";}i:7;a:2:{s:29:\"fave_additional_feature_title\";s:12:\"Separate WCs\";s:29:\"fave_additional_feature_value\";s:1:\"1\";}i:8;a:2:{s:29:\"fave_additional_feature_title\";s:7:\"Loggien\";s:29:\"fave_additional_feature_value\";s:1:\"1\";}i:9;a:2:{s:29:\"fave_additional_feature_title\";s:19:\"Art der Ausstattung\";s:29:\"fave_additional_feature_value\";s:8:\"Standard\";}i:10;a:2:{s:29:\"fave_additional_feature_title\";s:10:\"Befeuerung\";s:29:\"fave_additional_feature_value\";s:10:\"Fernw\u00e4rme\";}i:11;a:2:{s:29:\"fave_additional_feature_title\";s:10:\"Bodenbelag\";s:29:\"fave_additional_feature_value\";s:21:\"Fliesen, Parkett, PVC\";}i:12;a:2:{s:29:\"fave_additional_feature_title\";s:14:\"Badausstattung\";s:29:\"fave_additional_feature_value\";s:17:\"Dusche, Badewanne\";}i:13;a:2:{s:29:\"fave_additional_feature_title\";s:6:\"K\u00fcche\";s:29:\"fave_additional_feature_value\";s:12:\"Einbauk\u00fcche\";}i:14;a:2:{s:29:\"fave_additional_feature_title\";s:27:\"Ausrichtung Balkon\/Terrasse\";s:29:\"fave_additional_feature_value\";s:9:\"S\u00fcd-West\";}i:15;a:2:{s:29:\"fave_additional_feature_title\";s:13:\"Stellplatzart\";s:29:\"fave_additional_feature_value\";s:9:\"Freiplatz\";}i:16;a:2:{s:29:\"fave_additional_feature_title\";s:7:\"Zustand\";s:29:\"fave_additional_feature_value\";s:8:\"gepflegt\";}i:17;a:2:{s:29:\"fave_additional_feature_title\";s:21:\"Letzte Modernisierung\";s:29:\"fave_additional_feature_value\";s:51:\"Dachdeckung, Fassade, Aussenputz, D\u00e4mmung, Fenster\";}i:18;a:2:{s:29:\"fave_additional_feature_title\";s:20:\"Distanz zur Autobahn\";s:29:\"fave_additional_feature_value\";s:12:\"20,0&nbsp;km\";}i:19;a:2:{s:29:\"fave_additional_feature_title\";s:24:\"Distanz zum Kindergarten\";s:29:\"fave_additional_feature_value\";s:11:\"0,2&nbsp;km\";}i:20;a:2:{s:29:\"fave_additional_feature_title\";s:23:\"Distanz zur Grundschule\";s:29:\"fave_additional_feature_value\";s:11:\"0,5&nbsp;km\";}i:21;a:2:{s:29:\"fave_additional_feature_title\";s:23:\"Distanz zur Hauptschule\";s:29:\"fave_additional_feature_value\";s:11:\"0,4&nbsp;km\";}i:22;a:2:{s:29:\"fave_additional_feature_title\";s:21:\"Distanz zum Gymnasium\";s:29:\"fave_additional_feature_value\";s:11:\"1,2&nbsp;km\";}i:23;a:2:{s:29:\"fave_additional_feature_title\";s:33:\"Distanz zu Einkaufsm\u00f6glichkeiten\";s:29:\"fave_additional_feature_value\";s:11:\"0,2&nbsp;km\";}i:24;a:2:{s:29:\"fave_additional_feature_title\";s:23:\"Distanz zu Gastst\u00e4tten\";s:29:\"fave_additional_feature_value\";s:11:\"1,2&nbsp;km\";}i:25;a:2:{s:29:\"fave_additional_feature_title\";s:27:\"Immobilie ist verf\u00fcgbar ab\";s:29:\"fave_additional_feature_value\";s:17:\"nach Vereinbarung\";}}"],"fave_additional_features_enable":["enable"],"_immonex_custom_fields":["a:9:{s:26:\"Energieausweis g\u00fcltig bis\";a:5:{s:14:\"mapping_source\";s:41:\"zustand_angaben->energiepass->gueltig_bis\";s:4:\"name\";s:0:\"\";s:5:\"group\";s:5:\"epass\";s:5:\"value\";s:10:\"04.05.2025\";s:19:\"value_before_filter\";s:10:\"2025-05-04\";}s:8:\"HWB-Wert\";a:5:{s:14:\"mapping_source\";s:37:\"zustand_angaben->energiepass->hwbwert\";s:4:\"name\";s:0:\"\";s:5:\"group\";s:5:\"epass\";s:5:\"value\";s:22:\"38,79&nbsp;kWh\/(m\u00b2*a)\";s:19:\"value_before_filter\";s:5:\"38.79\";}s:10:\"HWB-Klasse\";a:5:{s:14:\"mapping_source\";s:39:\"zustand_angaben->energiepass->hwbklasse\";s:4:\"name\";s:0:\"\";s:5:\"group\";s:5:\"epass\";s:5:\"value\";s:1:\"B\";s:19:\"value_before_filter\";s:1:\"B\";}s:9:\"fGEE-Wert\";a:5:{s:14:\"mapping_source\";s:38:\"zustand_angaben->energiepass->fgeewert\";s:4:\"name\";s:0:\"\";s:5:\"group\";s:5:\"epass\";s:5:\"value\";s:4:\"0,89\";s:19:\"value_before_filter\";s:4:\"0.89\";}s:11:\"fGEE-Klasse\";a:5:{s:14:\"mapping_source\";s:40:\"zustand_angaben->energiepass->fgeeklasse\";s:4:\"name\";s:0:\"\";s:5:\"group\";s:5:\"epass\";s:5:\"value\";s:1:\"B\";s:19:\"value_before_filter\";s:1:\"B\";}s:21:\"Prim\u00e4renergietr\u00e4ger\";a:5:{s:14:\"mapping_source\";s:29:\"ausstattung->befeuerung:FERN+\";s:4:\"name\";s:0:\"\";s:5:\"group\";s:5:\"epass\";s:5:\"value\";s:10:\"Fernw\u00e4rme\";s:19:\"value_before_filter\";s:10:\"Fernw\u00e4rme\";}s:24:\"Baujahr (Energieausweis)\";a:5:{s:14:\"mapping_source\";s:37:\"zustand_angaben->energiepass->baujahr\";s:4:\"name\";s:0:\"\";s:5:\"group\";s:5:\"epass\";s:5:\"value\";s:4:\"1968\";s:19:\"value_before_filter\";s:4:\"1968\";}s:23:\"Energieausweis-Jahrgang\";a:5:{s:14:\"mapping_source\";s:38:\"zustand_angaben->energiepass->jahrgang\";s:4:\"name\";s:0:\"\";s:5:\"group\";s:5:\"epass\";s:5:\"value\";s:16:\"as from may 2014\";s:19:\"value_before_filter\";s:4:\"2014\";}s:26:\"Energieausweis-Geb\u00e4udeart\";a:5:{s:14:\"mapping_source\";s:41:\"zustand_angaben->energiepass->gebaeudeart\";s:4:\"name\";s:0:\"\";s:5:\"group\";s:5:\"epass\";s:5:\"value\";s:20:\"Residential Building\";s:19:\"value_before_filter\";s:4:\"wohn\";}}"],"_immonex_property_xml_source":["<?xml version=\"1.0\"?>\n<immobilie>\n<objektkategorie>\n<nutzungsart WOHNEN=\"1\" GEWERBE=\"0\"\/>\n<vermarktungsart KAUF=\"1\" MIETE_PACHT=\"0\"\/>\n<objektart>\n<wohnung wohnungtyp=\"ETAGE\"\/><\/objektart>\n<\/objektkategorie>\n<geo>\n<plz>4400<\/plz>\n<ort>Steyr<\/ort>\n<geokoordinaten breitengrad=\"48.03470\" laengengrad=\"14.42523\"\/>\n<strasse>Schillerstra&#xDF;e<\/strasse>\n<hausnummer>17<\/hausnummer>\n<bundesland>Ober&#xF6;sterreich<\/bundesland>\n<land iso_land=\"AUT\"\/>\n<etage>3<\/etage>\n<anzahl_etagen>3<\/anzahl_etagen>\n<regionaler_zusatz>Steyr<\/regionaler_zusatz>\n<\/geo>\n<kontaktperson>\n<email_zentrale>office@sonnberger.co.at<\/email_zentrale>\n<email_direkt>anfragen@sonnberger.at<\/email_direkt>\n<tel_zentrale>0043501211<\/tel_zentrale>\n<tel_durchw>0043501211<\/tel_durchw>\n<name\/>\n<anrede_brief>Sehr geehrte Damen und Herren,<\/anrede_brief>\n<firma>ITH Sonnberger GmbH<\/firma>\n<strasse>D&#xF6;rfling<\/strasse>\n<hausnummer>2<\/hausnummer>\n<plz>4484<\/plz>\n<ort>Kronstorf<\/ort>\n<land iso_land=\"AUT\"\/>\n<url>www.sonnberger.co.at<\/url>\n<personennummer>1158<\/personennummer>\n<foto location=\"EXTERN\">\n<format>jpg<\/format>\n<daten>\n<pfad>pf1158.jpg<\/pfad>\n<\/daten>\n<\/foto>\n<\/kontaktperson>\n<preise>\n<kaufpreis auf_anfrage=\"0\">270000.00<\/kaufpreis>\n<heizkosten>82.80<\/heizkosten>\n<heizkostennetto heizkostenust=\"0\">82.8<\/heizkostennetto>\n<aussen_courtage mit_mwst=\"1\">3% zzgl 20% USt.<\/aussen_courtage>\n<waehrung iso_waehrung=\"EUR\"\/>\n<stp_freiplatz stellplatzmiete=\"0.00\" stellplatzkaufpreis=\"0.00\" anzahl=\"1\"\/><\/preise>\n<bieterverfahren\/>\n<versteigerung\/>\n<flaechen>\n<wohnflaeche>125.21<\/wohnflaeche>\n<nutzflaeche>133.21<\/nutzflaeche>\n<anzahl_zimmer>4.00<\/anzahl_zimmer>\n<anzahl_schlafzimmer>3.00<\/anzahl_schlafzimmer>\n<anzahl_badezimmer>1.00<\/anzahl_badezimmer>\n<anzahl_sep_wc>1.00<\/anzahl_sep_wc>\n<anzahl_logia>1.00<\/anzahl_logia>\n<\/flaechen>\n<ausstattung>\n<ausstatt_kategorie>STANDARD<\/ausstatt_kategorie>\n<bad DUSCHE=\"1\" WANNE=\"1\"\/>\n<kueche EBK=\"1\"\/>\n<boden FLIESEN=\"1\" PARKETT=\"1\" KUNSTSTOFF=\"1\"\/>\n<befeuerung FERN=\"1\"\/>\n<fahrstuhl PERSONEN=\"1\"\/>\n<stellplatzart FREIPLATZ=\"1\"\/>\n<gartennutzung>1<\/gartennutzung>\n<ausricht_balkon_terrasse SUEDWEST=\"1\"\/>\n<wasch_trockenraum>1<\/wasch_trockenraum>\n<abstellraum>1<\/abstellraum>\n<fahrradraum>1<\/fahrradraum>\n<gaestewc>1<\/gaestewc>\n<\/ausstattung>\n<zustand_angaben>\n<baujahr>1968<\/baujahr>\n<letztemodernisierung>Dachdeckung, Fassade, Aussenputz, D&#xE4;mmung, Fenster<\/letztemodernisierung>\n<zustand zustand_art=\"GEPFLEGT\"\/>\n<energiepass>\n<gueltig_bis>2025-05-04<\/gueltig_bis>\n<baujahr>1968<\/baujahr>\n<jahrgang>2014<\/jahrgang>\n<gebaeudeart>wohn<\/gebaeudeart>\n<hwbwert>38.79<\/hwbwert>\n<hwbklasse>B<\/hwbklasse>\n<fgeewert>0.89<\/fgeewert>\n<fgeeklasse>B<\/fgeeklasse>\n<\/energiepass>\n<verkaufstatus stand=\"OFFEN\"\/><\/zustand_angaben>\n<bewertung\/>\n<infrastruktur>\n<distanzen distanz_zu=\"KINDERGAERTEN\">0.15<\/distanzen>\n<distanzen distanz_zu=\"GRUNDSCHULE\">0.50<\/distanzen>\n<distanzen distanz_zu=\"EINKAUFSMOEGLICHKEITEN\">0.15<\/distanzen>\n<distanzen distanz_zu=\"GYMNASIUM\">1.20<\/distanzen>\n<distanzen distanz_zu=\"AUTOBAHN\">20.00<\/distanzen>\n<distanzen distanz_zu=\"GASTSTAETTEN\">1.20<\/distanzen>\n<distanzen distanz_zu=\"HAUPTSCHULE\">0.40<\/distanzen>\n<\/infrastruktur>\n<freitexte>\n<objekttitel>GL&#xDC;CKSKAPITEL &#x2013; gro&#xDF;z&#xFC;gig wohnen mit Platz f&#xFC;r die ganze Familie in Steyr<\/objekttitel>\n<dreizeiler\/>\n<lage\/>\n<ausstatt_beschr\/>\n<objektbeschreibung>Diese rund 125 m&#xB2; gro&#xDF;e Wohnung &#xFC;berzeugt mit einer durchdachten Raumaufteilung, viel Platz und einer angenehm hellen Wohnatmosph&#xE4;re. Drei Schlafr&#xE4;ume und der gro&#xDF;z&#xFC;gige Wohnbereich bieten ideale Voraussetzungen f&#xFC;r Familien, Paare mit Platzbedarf oder Wohnen mit Homeoffice.\n\nDie rund 8 m&#xB2; gro&#xDF;e Loggia ist nach S&#xFC;dwesten ausgerichtet und l&#xE4;dt zu sonnigen Nachmittagen und entspannten Abendstunden ein. Ein eigener Parkplatz direkt vor dem Haus, ein gro&#xDF;es Kellerabteil und der gemeinschaftlich nutzbare Garten erg&#xE4;nzen das attraktive Gesamtangebot.\n\n&#x2022; ca. 125 m&#xB2; Wohnfl&#xE4;che + 8 m&#xB2; Loggia\n&#x2022; 3 Schlafr&#xE4;ume &amp; helles Wohnzimmer mit Zugang zur Loggia\n&#x2022; Eigenes Kellerabteil (8 m&#xB2;) &amp; Parkplatz direkt vor dem Haus\n&#x2022; Gepflegte Anlage &#x2013; Sanierung 2016 (Dach, Fassade, Fenster)\n\nEin besonderer Treffpunkt w&#xE4;hrend der warmen Monate ist der gemeinschaftlich nutzbare Garten. Hier entstehen gem&#xFC;tliche Grillabende, entspannte Stunden im Freien und nette Begegnungen mit den Bewohnerinnen und Bewohnern des Hauses.<\/objektbeschreibung><sonstige_angaben>Ihr Heim, unser Herzblut &#x2013; ITH Sonnberger GmbH\n\nWir sind Ihr regionaler Immobilientreuh&#xE4;nder mit echter Marktkenntnis und Leidenschaft. Jede unserer Immobilien ist gepr&#xFC;ft, bewertet und ein echter Mehrwert f&#xFC;r Sie.\n\n&#x2022; VIP-Vorsprung: Exklusive Objekte vor Ver&#xF6;ffentlichung &#x2013; pr&#xFC;fen Sie Ankauf &amp; Finanzierung fr&#xFC;hzeitig!\n&#x2022; Virtuelle Besichtigung: Alle Immobilien bequem &amp; garantiert virenfrei erleben &#x2013; mit 360&#xB0; Rundgang direkt im Expos&#xE9;!\n\nSchneller, sicherer, pers&#xF6;nlicher. Mehr Immobilien, Bilder &amp; Infos auf: www.sonnberger.at<\/sonstige_angaben>\n<\/freitexte>\n<anhaenge>\n<anhang location=\"EXTERN\" gruppe=\"TITELBILD\">\n<anhangtitel>Wohnraum (Einrichtungsvorschlag)<\/anhangtitel>\n<format>jpg<\/format>\n<daten>\n<pfad>f8bbf4ea-b7d4-4efe-9ec7-e40195366c7c.jpg<\/pfad>\n<\/daten>\n<\/anhang>\n<anhang location=\"EXTERN\" gruppe=\"GRUNDRISS\">\n<anhangtitel>Wohnung 5<\/anhangtitel>\n<format>jpg<\/format>\n<daten>\n<pfad>f4c99a72-f7ee-4ba6-99a4-cd3fc34f99af.jpg<\/pfad>\n<\/daten>\n<\/anhang>\n<anhang location=\"EXTERN\" gruppe=\"BILD\">\n<anhangtitel>Essbereich (Einrichtungsvorschlag)<\/anhangtitel>\n<format>jpg<\/format>\n<daten>\n<pfad>b8a6bd65-0644-4ead-8405-a90eba8f37b0.jpg<\/pfad>\n<\/daten>\n<\/anhang>\n<anhang location=\"EXTERN\" gruppe=\"BILD\">\n<anhangtitel>Wohnraum (Einrichtungsvorschlag)<\/anhangtitel>\n<format>jpg<\/format>\n<daten>\n<pfad>37303f92-65ab-463f-a80a-713d7135ffd8.jpg<\/pfad>\n<\/daten>\n<\/anhang>\n<anhang location=\"EXTERN\" gruppe=\"BILD\">\n<anhangtitel>Loggia (Einrichtungsvorschlag)<\/anhangtitel>\n<format>jpg<\/format>\n<daten>\n<pfad>5ad73536-4f73-4ea2-92ce-00cfd956989f.jpg<\/pfad>\n<\/daten>\n<\/anhang>\n<anhang location=\"EXTERN\" gruppe=\"BILD\">\n<anhangtitel>K&#xFC;che<\/anhangtitel>\n<format>jpg<\/format>\n<daten>\n<pfad>c690e677-9085-43ee-8438-056c241db122.jpg<\/pfad>\n<\/daten>\n<\/anhang>\n<anhang location=\"EXTERN\" gruppe=\"BILD\">\n<anhangtitel>K&#xFC;che<\/anhangtitel>\n<format>jpg<\/format>\n<daten>\n<pfad>b6a1ec8e-5d05-4b17-98c8-94d4f819c76c.jpg<\/pfad>\n<\/daten>\n<\/anhang>\n<anhang location=\"EXTERN\" gruppe=\"BILD\">\n<anhangtitel>K&#xFC;che<\/anhangtitel>\n<format>jpg<\/format>\n<daten>\n<pfad>cd72d80a-38af-40c5-b4ae-6a64196489aa.jpg<\/pfad>\n<\/daten>\n<\/anhang>\n<anhang location=\"EXTERN\" gruppe=\"BILD\">\n<anhangtitel>Kinderzimmer 1 (Einrichtungsvorschlag)<\/anhangtitel>\n<format>jpg<\/format>\n<daten>\n<pfad>0de11370-5b35-476c-a7e8-cec340e6641f.jpg<\/pfad>\n<\/daten>\n<\/anhang>\n<anhang location=\"EXTERN\" gruppe=\"BILD\">\n<anhangtitel>Kinderzimmer 2 (Einrichtungsvorschlag)<\/anhangtitel>\n<format>jpg<\/format>\n<daten>\n<pfad>6367a13a-2c6e-4166-aff0-275ef4cc5cbf.jpg<\/pfad>\n<\/daten>\n<\/anhang>\n<anhang location=\"EXTERN\" gruppe=\"BILD\">\n<anhangtitel>Schlafzimmer<\/anhangtitel>\n<format>jpg<\/format>\n<daten>\n<pfad>9994ef78-7b72-4f68-8ee4-70f003d23531.jpg<\/pfad>\n<\/daten>\n<\/anhang>\n<anhang location=\"EXTERN\" gruppe=\"BILD\">\n<anhangtitel>Vorraum (Einrichtungsvorschlag)<\/anhangtitel>\n<format>jpg<\/format>\n<daten>\n<pfad>8ff0f1db-d851-4e43-9fbd-e8d5ecc875ac.jpg<\/pfad>\n<\/daten>\n<\/anhang>\n<anhang location=\"EXTERN\" gruppe=\"BILD\">\n<anhangtitel>Bad<\/anhangtitel>\n<format>jpg<\/format>\n<daten>\n<pfad>e7603fc7-22bd-4fbe-b5c4-b85a3bd23ba3.jpg<\/pfad>\n<\/daten>\n<\/anhang>\n<anhang location=\"EXTERN\" gruppe=\"BILD\">\n<anhangtitel>Bad<\/anhangtitel>\n<format>jpg<\/format>\n<daten>\n<pfad>527d5926-6c89-4a9c-9f9c-f3e8e1cbed0c.jpg<\/pfad>\n<\/daten>\n<\/anhang>\n<anhang location=\"EXTERN\" gruppe=\"BILD\">\n<anhangtitel>Au&#xDF;enansicht<\/anhangtitel>\n<format>jpg<\/format>\n<daten>\n<pfad>9bf0cc65-98ff-42f7-8fd4-b695c85c9c61.jpg<\/pfad>\n<\/daten>\n<\/anhang>\n<anhang location=\"EXTERN\" gruppe=\"BILD\">\n<anhangtitel>-HOMEPAGE_Rundgang<\/anhangtitel>\n<format>jpg<\/format>\n<daten>\n<pfad>08d4f369-52ec-4b02-85e3-2ea010e6e991.jpg<\/pfad>\n<\/daten>\n<\/anhang>\n<\/anhaenge>\n<verwaltung_objekt>\n<objektadresse_freigeben>0<\/objektadresse_freigeben>\n<verfuegbar_ab>nach Vereinbarung<\/verfuegbar_ab>\n<haustiere>1<\/haustiere>\n<user_defined_simplefield feldname=\"top_angebot\">0<\/user_defined_simplefield>\n<user_defined_simplefield feldname=\"preisreduktion\">0<\/user_defined_simplefield>\n<user_defined_simplefield feldname=\"courtage_frei\">0<\/user_defined_simplefield>\n<user_defined_simplefield feldname=\"neu\">0<\/user_defined_simplefield>\n<user_defined_simplefield feldname=\"referenz\">0<\/user_defined_simplefield>\n<user_defined_simplefield feldname=\"objekt_des_tages\">0<\/user_defined_simplefield>\n<user_defined_simplefield feldname=\"reserviert\">0<\/user_defined_simplefield>\n<user_defined_simplefield feldname=\"verkauft\">0<\/user_defined_simplefield>\n<user_defined_simplefield feldname=\"veroeffentlichen\">0<\/user_defined_simplefield>\n<user_defined_simplefield feldname=\"exklusiv\">0<\/user_defined_simplefield>\n<user_defined_simplefield feldname=\"objekt_der_woche\">0<\/user_defined_simplefield>\n<\/verwaltung_objekt>\n<verwaltung_techn>\n<objektnr_intern>11535<\/objektnr_intern>\n<objektnr_extern>RSI-25-5739<\/objektnr_extern>\n<aktion aktionart=\"CHANGE\"\/>\n<openimmo_obid>19167_11535_RSI-25-5739<\/openimmo_obid>\n<kennung_ursprung>onOffice Software<\/kennung_ursprung>\n<stand_vom>2026-07-30<\/stand_vom>\n<weitergabe_generell>1<\/weitergabe_generell>\n<user_defined_simplefield feldname=\"top_angebot\">0<\/user_defined_simplefield>\n<user_defined_simplefield feldname=\"preisreduktion\">0<\/user_defined_simplefield>\n<user_defined_simplefield feldname=\"courtage_frei\">0<\/user_defined_simplefield>\n<user_defined_simplefield feldname=\"neu\">0<\/user_defined_simplefield>\n<user_defined_simplefield feldname=\"referenz\">0<\/user_defined_simplefield>\n<user_defined_simplefield feldname=\"objekt_des_tages\">0<\/user_defined_simplefield>\n<user_defined_simplefield feldname=\"reserviert\">0<\/user_defined_simplefield>\n<user_defined_simplefield feldname=\"verkauft\">0<\/user_defined_simplefield>\n<user_defined_simplefield feldname=\"veroeffentlichen\">0<\/user_defined_simplefield>\n<user_defined_simplefield feldname=\"exklusiv\">0<\/user_defined_simplefield>\n<user_defined_simplefield feldname=\"objekt_der_woche\">0<\/user_defined_simplefield>\n<\/verwaltung_techn>\n<\/immobilie>\n"],"fave_property_images":["44721","44723","44724","44725","44726","44727","44728","44729","44730","44731","44732","44733","44734","44735","44736"],"fave_floor_plans_enable":["enable"],"floor_plans":["a:1:{i:0;a:7:{s:15:\"fave_plan_title\";s:9:\"Wohnung 5\";s:15:\"fave_plan_rooms\";s:0:\"\";s:19:\"fave_plan_bathrooms\";s:0:\"\";s:15:\"fave_plan_price\";s:0:\"\";s:14:\"fave_plan_size\";s:0:\"\";s:15:\"fave_plan_image\";s:104:\"https:\/\/sonnberger.co.at\/wp\/wp-content\/uploads\/2026\/07\/f4c99a72-f7ee-4ba6-99a4-cd3fc34f99af-724x1024.jpg\";s:21:\"fave_plan_description\";s:0:\"\";}}"],"fave_prop_homeslider":["yes"],"fave_prop_slider_image":["44721"],"fave_agent_display_option":["none"],"fave_single_top_area":["global"],"fave_single_content_area":["global"],"fave_property_map":["1"],"fave_property_map_street_view":["hide"],"fave_property_size_prefix":["m\u00b2"],"fave_property_land_postfix":["m\u00b2"],"fave_featured":["0"],"houzez_total_property_views":["986"],"houzez_views_by_date":["a:25:{s:10:\"07-30-2026\";i:39;s:10:\"07-31-2026\";i:68;s:10:\"08-01-2026\";i:49;s:10:\"08-02-2026\";i:72;s:10:\"08-03-2026\";i:63;s:10:\"08-04-2026\";i:77;s:10:\"08-05-2026\";i:77;s:10:\"08-06-2026\";i:57;s:10:\"08-07-2026\";i:40;s:10:\"08-08-2026\";i:64;s:10:\"08-09-2026\";i:10;s:10:\"08-18-2026\";i:41;s:10:\"08-19-2026\";i:23;s:10:\"08-20-2026\";i:40;s:10:\"08-21-2026\";i:29;s:10:\"08-22-2026\";i:26;s:10:\"08-23-2026\";i:30;s:10:\"08-24-2026\";i:36;s:10:\"08-25-2026\";i:35;s:10:\"08-26-2026\";i:33;s:10:\"08-27-2026\";i:24;s:10:\"08-28-2026\";i:11;s:10:\"08-29-2026\";i:17;s:10:\"08-30-2026\";i:18;s:10:\"08-31-2026\";i:7;}"],"houzez_recently_viewed":["2026-08-31 10:11:10"],"_oembed_240d84f8f7289af6047b100989c44ebb":["<iframe title=\"Verkaufen zum H\u00f6chstpreis?\" width=\"1170\" height=\"658\" src=\"https:\/\/www.youtube.com\/embed\/LU0o5r0T668?feature=oembed\" frameborder=\"0\" allow=\"accelerometer; autoplay; clipboard-write; encrypted-media; gyroscope; picture-in-picture; web-share\" referrerpolicy=\"strict-origin-when-cross-origin\" allowfullscreen><\/iframe>"],"_oembed_time_240d84f8f7289af6047b100989c44ebb":["1787044317"]},"_links":{"self":[{"href":"https:\/\/sonnberger.co.at\/wp\/wp-json\/wp\/v2\/properties\/39901","targetHints":{"allow":["GET"]}}],"collection":[{"href":"https:\/\/sonnberger.co.at\/wp\/wp-json\/wp\/v2\/properties"}],"about":[{"href":"https:\/\/sonnberger.co.at\/wp\/wp-json\/wp\/v2\/types\/property"}],"author":[{"embeddable":true,"href":"https:\/\/sonnberger.co.at\/wp\/wp-json\/wp\/v2\/users\/1"}],"version-history":[{"count":8,"href":"https:\/\/sonnberger.co.at\/wp\/wp-json\/wp\/v2\/properties\/39901\/revisions"}],"predecessor-version":[{"id":45345,"href":"https:\/\/sonnberger.co.at\/wp\/wp-json\/wp\/v2\/properties\/39901\/revisions\/45345"}],"wp:featuredmedia":[{"embeddable":true,"href":"https:\/\/sonnberger.co.at\/wp\/wp-json\/wp\/v2\/media\/44721"}],"wp:attachment":[{"href":"https:\/\/sonnberger.co.at\/wp\/wp-json\/wp\/v2\/media?parent=39901"}],"wp:term":[{"taxonomy":"property_type","embeddable":true,"href":"https:\/\/sonnberger.co.at\/wp\/wp-json\/wp\/v2\/property_type?post=39901"},{"taxonomy":"property_status","embeddable":true,"href":"https:\/\/sonnberger.co.at\/wp\/wp-json\/wp\/v2\/property_status?post=39901"},{"taxonomy":"property_feature","embeddable":true,"href":"https:\/\/sonnberger.co.at\/wp\/wp-json\/wp\/v2\/property_feature?post=39901"},{"taxonomy":"property_label","embeddable":true,"href":"https:\/\/sonnberger.co.at\/wp\/wp-json\/wp\/v2\/property_label?post=39901"},{"taxonomy":"property_country","embeddable":true,"href":"https:\/\/sonnberger.co.at\/wp\/wp-json\/wp\/v2\/property_country?post=39901"},{"taxonomy":"property_state","embeddable":true,"href":"https:\/\/sonnberger.co.at\/wp\/wp-json\/wp\/v2\/property_state?post=39901"},{"taxonomy":"property_city","embeddable":true,"href":"https:\/\/sonnberger.co.at\/wp\/wp-json\/wp\/v2\/property_city?post=39901"},{"taxonomy":"property_area","embeddable":true,"href":"https:\/\/sonnberger.co.at\/wp\/wp-json\/wp\/v2\/property_area?post=39901"}],"curies":[{"name":"wp","href":"https:\/\/api.w.org\/{rel}","templated":true}]}}